{"id":81330,"date":"2026-04-07T09:47:46","date_gmt":"2026-04-07T07:47:46","guid":{"rendered":"https:\/\/carmencitafilmlab.com\/carmencita-meets-valencia-2017\/"},"modified":"2026-04-07T09:49:52","modified_gmt":"2026-04-07T07:49:52","slug":"carmencita-meets-valencia-2017","status":"publish","type":"page","link":"https:\/\/carmencitafilmlab.com\/it\/workshop\/carmencita-meets-valencia-2017\/","title":{"rendered":"Carmencita Meets Valencia 2017"},"content":{"rendered":"<p>[bra_divider height=&#8221;20&#8243;]<\/p>\n<p style=\"text-align: center;\"><img loading=\"lazy\" decoding=\"async\" src=\"http:\/\/carmencitafilmlab.com\/wp-content\/uploads\/jpg-150x150.\" alt=\"&amp;\" width=\"75\" height=\"75\"><\/p>\n<h1 style=\"text-align: center;\"><strong>Alla scoperta di Valencia<\/strong><\/h1>\n<h3 style=\"text-align: center;\">con la tua famiglia analogica<\/h3>\n<p style=\"text-align: center;\"><em>&#8211; 2017 &#8211;<\/em><\/p>\n<p>&nbsp;<\/p>\n<div>\n<p style=\"text-align: center;\">Ci siamo di nuovo! Un \u201c<em>Carmencita meets<\/em>\u201d a Valencia, la nostra casa e il nostro quartier generale. Dopo esserci trasferiti da L&#8217;Alc\u00fadia in citt\u00e0 e aver gestito l&#8217;incredibile mole di lavoro che abbiamo avuto la fortuna di ricevere quest&#8217;estate, sentiamo che \u00e8 arrivato il momento di organizzare un \u201c<em>Meets<\/em>\u201d in questo piccolo angolo di Mediterraneo. Il <em>Meets<\/em> \u00e8 qualcosa di diverso: pensalo come un incontro tra fotografi che amano condividere esperienze e crescere insieme, piuttosto che imparare trucchi da maestri. #<em>thisisnotaworkshop<\/em>   <\/p>\n<p style=\"text-align: center;\">Solo attraverso la <strong>condivisione<\/strong> \u00e8 possibile far crescere la fotografia analogica europea, inoltre non vediamo l&#8217;ora di mostrarti le piccole meraviglie della nostra citt\u00e0!<\/p>\n<p style=\"text-align: center;\">[bra_divider height=&#8221;20&#8243;]<\/p>\n<p><a href=\"http:\/\/hankearkenbout.com\/\" target=\"_blank\" rel=\"noopener noreferrer\"><img loading=\"lazy\" decoding=\"async\" class=\"wp-image-6514 size-full aligncenter\" src=\"http:\/\/carmencitafilmlab.com\/wp-content\/uploads\/travel_valencia_madrid_photography_film_hanke_arkenbout-028.jpg\" alt=\"di Hanke Arkenbout\" width=\"640\" height=\"378\" srcset=\"https:\/\/carmencitafilmlab.com\/wp-content\/uploads\/travel_valencia_madrid_photography_film_hanke_arkenbout-028.jpg 640w, https:\/\/carmencitafilmlab.com\/wp-content\/uploads\/travel_valencia_madrid_photography_film_hanke_arkenbout-028-450x266.jpg 450w, https:\/\/carmencitafilmlab.com\/wp-content\/uploads\/travel_valencia_madrid_photography_film_hanke_arkenbout-028-300x177.jpg 300w\" sizes=\"auto, (max-width: 640px) 100vw, 640px\" \/><\/a><em>  di <a href=\"http:\/\/hankearkenbout.com\/\" target=\"_blank\" rel=\"noopener noreferrer\">Hanke Arkenbout<\/a><\/em><\/p>\n<p style=\"text-align: center;\">[bra_border_divider top=&#8221;25&#8243; bottom=&#8221;0&#8243;][bra_center_title title=&#8221;Il programma&#8221; subtitle=&#8221;&#8221; top_margin=&#8221;30&#8243;]<\/p>\n<p style=\"text-align: center;\">[one_half]<\/p>\n<h3 style=\"text-align: center;\"><span style=\"font-size: 1.17em; line-height: 1.5em;\">Vivi la citt\u00e0 come un abitante del posto<\/span><\/h3>\n<p>[bra_divider height=&#8221;5&#8243;]<\/p>\n<p style=\"text-align: justify;\">Proprio come il laboratorio, la maggior parte di noi \u00e8 nata e cresciuta qui; non \u00e8 una citt\u00e0 enorme e la adoriamo. Ne conosciamo a memoria segreti e curiosit\u00e0, i posti migliori e le storie che nascondono. Una delle cose pi\u00f9 belle \u00e8 che, quasi in qualsiasi momento tu venga, il sole \u00e8 garantito al 100%. Speriamo che ti sentirai parte della citt\u00e0 quando arriver\u00e0 il momento di salutarci.   <\/p>\n<p style=\"text-align: justify;\">Non ci riuniremo in un unico luogo, perch\u00e9 ci sono <strong>diverse location<\/strong> che dobbiamo mostrarti se vieni fin qui. Ci muoveremo per la citt\u00e0 come se fosse la nostra seconda pelle. A Valencia quasi tutto \u00e8 raggiungibile a piedi, tra stradine strette, angoli impossibili, edifici del XIV secolo, il tutto circondato dai colori vivaci del nostro folklore.  <\/p>\n<p style=\"text-align: justify;\">E non solo la citt\u00e0: ti porteremo anche a scoprire le meraviglie della natura che ci circonda!<\/p>\n<p style=\"text-align: justify;\">[bra_divider height=&#8221;5&#8243;]<\/p>\n<p><a href=\"http:\/\/hankearkenbout.com\/\"><img loading=\"lazy\" decoding=\"async\" class=\"wp-image-6517 size-full aligncenter\" src=\"http:\/\/carmencitafilmlab.com\/wp-content\/uploads\/travel_valencia_madrid_photography_film_hanke_arkenbout-036-e1452876719800.jpg\" alt=\"di Hanke Arkenbout\" width=\"380\" height=\"380\" srcset=\"https:\/\/carmencitafilmlab.com\/wp-content\/uploads\/travel_valencia_madrid_photography_film_hanke_arkenbout-036-e1452876719800.jpg 380w, https:\/\/carmencitafilmlab.com\/wp-content\/uploads\/travel_valencia_madrid_photography_film_hanke_arkenbout-036-e1452876719800-100x100.jpg 100w, https:\/\/carmencitafilmlab.com\/wp-content\/uploads\/travel_valencia_madrid_photography_film_hanke_arkenbout-036-e1452876719800-150x150.jpg 150w, https:\/\/carmencitafilmlab.com\/wp-content\/uploads\/travel_valencia_madrid_photography_film_hanke_arkenbout-036-e1452876719800-300x300.jpg 300w, https:\/\/carmencitafilmlab.com\/wp-content\/uploads\/travel_valencia_madrid_photography_film_hanke_arkenbout-036-e1452876719800-270x270.jpg 270w\" sizes=\"auto, (max-width: 380px) 100vw, 380px\" \/><\/a><em>            <\/em><em>di <a href=\"http:\/\/hankearkenbout.com\/\" target=\"_blank\" rel=\"noopener noreferrer\">Hanke Arkenbout<\/a><\/em><\/p>\n<p style=\"text-align: justify;\">[\/one_half] [one_half_last]<\/p>\n<h3 style=\"text-align: center;\"><span style=\"font-size: 1.17em; line-height: 1.5em;\">Imparare insieme<\/span><\/h3>\n<p>[bra_divider height=&#8221;3&#8243;]<\/p>\n<p style=\"text-align: justify;\">Gran parte dell&#8217;apprendimento e della crescita come professionista si basa sulla <strong>condivisione<\/strong>, o almeno questo \u00e8 ci\u00f2 in cui crediamo fermamente. Amiamo i workshop per questo, ma tanto quanto amiamo la conoscenza, amiamo la sensazione di tornare a casa con un gruppo di nuovi amici che condividono la nostra stessa folle <strong>passione per la fotografia analogica<\/strong> e il fatto di aver avuto la possibilit\u00e0 di parlare delle nostre passioni durante lunghi pranzi, cene calde e drink serali ghiacciati. <\/p>\n<p style=\"text-align: justify;\">Ed \u00e8 proprio quello che vogliamo fare! Invece di dirti come scattare, ci piacerebbe scambiare esperienze e condividere ci\u00f2 che sappiamo e come lavoriamo, circondati dalle meraviglie di Valencia. <strong>Connettere<\/strong> i fotografi \u00e8 qualcosa di scritto nel DNA di Carmencita e non ne abbiamo mai abbastanza. <\/p>\n<p style=\"text-align: justify;\">[bra_divider height=&#8221;16&#8243;]<\/p>\n<h3><\/h3>\n<p><a href=\"http:\/\/www.wesleynulens.be\/blog\/\" target=\"_blank\" rel=\"noopener noreferrer\"><img loading=\"lazy\" decoding=\"async\" class=\"wp-image-6520 size-full aligncenter\" src=\"http:\/\/carmencitafilmlab.com\/wp-content\/uploads\/150424-VLC076-e1452877361904.jpg\" alt=\"di Wesley Nulens\" width=\"380\" height=\"380\" srcset=\"https:\/\/carmencitafilmlab.com\/wp-content\/uploads\/150424-VLC076-e1452877361904.jpg 380w, https:\/\/carmencitafilmlab.com\/wp-content\/uploads\/150424-VLC076-e1452877361904-100x100.jpg 100w, https:\/\/carmencitafilmlab.com\/wp-content\/uploads\/150424-VLC076-e1452877361904-150x150.jpg 150w, https:\/\/carmencitafilmlab.com\/wp-content\/uploads\/150424-VLC076-e1452877361904-300x300.jpg 300w, https:\/\/carmencitafilmlab.com\/wp-content\/uploads\/150424-VLC076-e1452877361904-270x270.jpg 270w\" sizes=\"auto, (max-width: 380px) 100vw, 380px\" \/><\/a><em>  di <a href=\"http:\/\/www.wesleynulens.be\/blog\/\" target=\"_blank\" rel=\"noopener noreferrer\">Wesley Nulens<\/a><\/em><\/p>\n<p style=\"text-align: justify;\">[\/one_half_last]<\/p>\n<p style=\"text-align: center;\">[bra_border_divider top=&#8221;40&#8243; bottom=&#8221;0&#8243;][bra_center_title title=&#8221;E con uno styling meraviglioso&#8221; subtitle=&#8221;&#8221; top_margin=&#8221;30&#8243;]<\/p>\n<p style=\"text-align: center;\">Forse conoscevi gi\u00e0 il lavoro dei nostri amici portoghesi (<a href=\"http:\/\/carmencitafilmlab.com\/2014\/02\/branco-prata\/\" target=\"_blank\" rel=\"noopener noreferrer\">dagli un&#8217;occhiata!<\/a>), ma BrancoPrata \u00e8 molto pi\u00f9 della semplice fotografia. Gran parte del loro lavoro si basa sullo styling e sul design floreale, e pensiamo sia una fantastica opportunit\u00e0 per vedere come lavorano e come combinano queste abilit\u00e0 con la fotografia. <\/p>\n<p style=\"text-align: center;\">Come fotografi pu\u00f2 essere difficile notare tutto il duro lavoro che c&#8217;\u00e8 dietro lo <strong>styling e l&#8217;allestimento<\/strong>. Vogliamo sfruttare questa occasione per farti conoscere Sofia, la superdonna dietro BrancoPrata; potrai chiederle tutto quello che vuoi sullo styling per ottenere il massimo da ogni servizio fotografico. Saranno con noi e spiegheranno passo dopo passo il loro processo creativo, per aiutarti a lavorare con gli stylist o quando pianifichi qualcosa di tuo.  <\/p>\n<p style=\"text-align: center;\">Questa volta non ci saranno sessioni di scatto organizzate; vogliamo orientarci verso conversazioni sulla creativit\u00e0, lo stile, il perch\u00e9 dell&#8217;analogico, come promuoversi, come creare una community e cos\u00ec via. Faremo anche piccole gite e avremo pi\u00f9 \u201cpiccoli scatti spontanei\u201d : ) <\/p>\n<p style=\"text-align: center;\">[bra_divider height=&#8221;20&#8243;]<\/p>\n<\/div>\n<p style=\"text-align: center;\"><a href=\"http:\/\/www.brancoprata.com\/\"><img loading=\"lazy\" decoding=\"async\" class=\"aligncenter wp-image-6526 size-medium\" src=\"http:\/\/carmencitafilmlab.com\/wp-content\/uploads\/BrancoPrataFloral-300x300.jpg\" alt=\"BrancoPrataFloral\" width=\"300\" height=\"300\" srcset=\"https:\/\/carmencitafilmlab.com\/wp-content\/uploads\/BrancoPrataFloral-300x300.jpg 300w, https:\/\/carmencitafilmlab.com\/wp-content\/uploads\/BrancoPrataFloral-450x450.jpg 450w, https:\/\/carmencitafilmlab.com\/wp-content\/uploads\/BrancoPrataFloral-100x100.jpg 100w, https:\/\/carmencitafilmlab.com\/wp-content\/uploads\/BrancoPrataFloral-150x150.jpg 150w, https:\/\/carmencitafilmlab.com\/wp-content\/uploads\/BrancoPrataFloral-270x270.jpg 270w, https:\/\/carmencitafilmlab.com\/wp-content\/uploads\/BrancoPrataFloral.jpg 505w\" sizes=\"auto, (max-width: 300px) 100vw, 300px\" \/><\/a><\/p>\n<div>\n<p style=\"text-align: center;\">[bra_border_divider top=&#8221;30&#8243; bottom=&#8221;10&#8243;]<\/p>\n<\/div>\n<div>\n<p style=\"text-align: center;\">[bra_divider height=&#8221;20&#8243;][one_half]<\/p>\n<h3 style=\"text-align: center;\"><span style=\"font-size: 1.17em; line-height: 1.5em;\">Rimodellare il concetto di \u201cWorkshop\u201d<\/span><\/h3>\n<p style=\"text-align: justify;\">[bra_divider height=&#8221;10&#8243;]<\/p>\n<p style=\"text-align: justify;\"><span style=\"line-height: 1.5em;\">Poter imparare i trucchi dei grandi nomi della fotografia \u00e8 sicuramente un ottimo modo per apprendere, ma abbiamo assistito a una <strong>crescita enorme<\/strong> della fotografia analogica in Europa e siamo entusiasti di vedere come tutti stiano raggiungendo un punto in cui imparare a esporre non \u00e8 pi\u00f9 una sfida.<\/span><\/p>\n<p style=\"text-align: justify;\"><span style=\"line-height: 1.5em;\">Vedendo come si sta evolvendo la community, sentiamo la mancanza di un evento in cui imparare a sviluppare ulteriormente la propria attivit\u00e0, come approcciare il proprio tipo di clienti o anche come ottenere i lavori che ami e promuoverti; il tutto godendo di un&#8217;atmosfera rilassata in cui <strong>puoi partecipare attivamente<\/strong> portando le tue esperienze personali e condividendo i tuoi dubbi con gli altri.<\/span><\/p>\n<p style=\"text-align: justify;\">Molte cose sono cambiate da quando abbiamo aperto nel 2013 e crediamo che anche i workshop debbano essere aggiornati!<\/p>\n<p style=\"text-align: center;\">[\/one_half] [one_half_last]<\/p>\n<h3 style=\"text-align: center;\"><span style=\"font-size: 1.17em; line-height: 1.5em;\">Anche tu sei un relatore<\/span><\/h3>\n<p>[bra_divider height=&#8221;10&#8243;]<\/p>\n<p style=\"text-align: justify;\">\u00c8 qui che crediamo si possa <strong>fare qualcosa di diverso<\/strong>, essendo pi\u00f9 intimi delle conferenze e senza la gerarchia di un workshop classico. Ecco perch\u00e9 vogliamo <strong>incontrarci<\/strong> con te! <\/p>\n<p style=\"text-align: justify;\"><span style=\"line-height: 1.5em;\">Vogliamo ascoltare la tua voce e creare un <\/span>ambiente<span style=\"line-height: 1.5em;\">  in cui tutti condividiamo i nostri pensieri e l&#8217;unica domanda sciocca \u00e8 quella non fatta. Sostituiremo le <i>lezioni<\/i> con <em>tavole rotonde.<\/em> E s\u00ec, <em>tavole<\/em> al plurale perch\u00e9 ci sono cos\u00ec tante cose di cui parlare; e ricorda che la citt\u00e0 \u00e8 il nostro campo da gioco, il che ci permetter\u00e0 di spostarci all&#8217;interno di essa trovando i posti migliori per riunirci, discutere e imparare. <\/span><\/p>\n<p style=\"text-align: justify;\"><span style=\"line-height: 1.5em;\">A Valencia tutto \u00e8 a portata di mano&#8230; e sappiamo che se di solito ci vogliono 10 minuti per arrivare ovunque, con i fotografi ce ne vogliono 30 tra \u201cOh aspetta, stai l\u00ec un secondo!\u201d e \u201cAmico, devo farti un ritratto con questa luce!\u201d.<\/span><\/p>\n<p style=\"text-align: justify;\">[\/one_half_last]<\/p>\n<p style=\"text-align: justify;\">[bra_divider height=&#8221;10&#8243;]<\/p>\n<p><img loading=\"lazy\" decoding=\"async\" class=\"wp-image-6525 size-full\" src=\"http:\/\/carmencitafilmlab.com\/wp-content\/uploads\/Banner-Meets-Valencia.jpg\" alt=\"di Andre Teixeira\" width=\"3459\" height=\"1120\" srcset=\"https:\/\/carmencitafilmlab.com\/wp-content\/uploads\/Banner-Meets-Valencia.jpg 3459w, https:\/\/carmencitafilmlab.com\/wp-content\/uploads\/Banner-Meets-Valencia-450x146.jpg 450w, https:\/\/carmencitafilmlab.com\/wp-content\/uploads\/Banner-Meets-Valencia-300x97.jpg 300w, https:\/\/carmencitafilmlab.com\/wp-content\/uploads\/Banner-Meets-Valencia-1024x332.jpg 1024w\" sizes=\"auto, (max-width: 3459px) 100vw, 3459px\" \/> <em>di <a href=\"http:\/\/www.brancoprata.com\/\" target=\"_blank\" rel=\"noopener noreferrer\">Andre Teixeira<\/a><\/em><\/p>\n<p>[bra_border_divider top=&#8221;30&#8243; bottom=&#8221;0&#8243;] [bra_center_title title=&#8221;26, 27, 28 e 29 APR.&#8221; subtitle=&#8221;Knowing all the details&#8221; top_margin=&#8221;30&#8243;]<\/p>\n<p>[one_fourth]<\/p>\n<h3>Cosa \u00e8 incluso?<\/h3>\n<div>\n<ul>\n<li>Alloggio per 5 notti<\/li>\n<li>Pranzo e cena<\/li>\n<li>Tavole rotonde con temi aperti sulla fotografia<\/li>\n<li>Guida della citt\u00e0 a cura del team Carmencita<\/li>\n<li>Visita guidata del laboratorio<\/li>\n<li>Sviluppo e scansione dei tuoi rullini<\/li>\n<li>Workshop sulla vera Paella<\/li>\n<li>Festa per l&#8217;anniversario di Carmencita<\/li>\n<\/ul>\n<\/div>\n<h3><span style=\"font-size: 14px; line-height: 1.5em;\">[\/one_fourth] [one_fourth]<\/span><\/h3>\n<h3>Giorno 1<\/h3>\n<div>\n<ul>\n<li>Presentazione<\/li>\n<li>Perch\u00e9 l&#8217;analogico?<\/li>\n<li>Lavoro personale<\/li>\n<li>Passeggiata nel centro storico<\/li>\n<li>Gestire i clienti reali<\/li>\n<li>Cena e drink nel centro storico<\/li>\n<\/ul>\n<\/div>\n<h3><span style=\"font-size: 14px; line-height: 1.5em;\">[\/one_fourth] [one_fourth]<\/span><\/h3>\n<div>\n<h3>Giorno 2<\/h3>\n<div>\n<ul>\n<li>Gita a L&#8217;Albufera<\/li>\n<li>Tavola rotonda in una \u201cBarraca\u201d<\/li>\n<li>L&#8217;importanza del lavoro di squadra prima e durante lo scatto<\/li>\n<li>Pranzo con Paella tradizionale<\/li>\n<li>Tavola rotonda sullo stile nella fotografia analogica<\/li>\n<li>Giro in barca sul lago dell&#8217;Albufera<\/li>\n<li>Cena a base di Tapas<\/li>\n<\/ul>\n<\/div>\n<\/div>\n<p>[\/one_fourth] [one_fourth_last]<\/p>\n<div>\n<h3>Giorno 3<\/h3>\n<\/div>\n<div>\n<ul>\n<li>Tour del laboratorio<\/li>\n<li>Sviluppa e scansiona i tuoi rullini<\/li>\n<li>Il mito dietro i laboratori<\/li>\n<li>100% analogico? \u00c8 la realt\u00e0? <\/li>\n<li>Prezzi in Europa<\/li>\n<li>Come raggiungere le persone, connettersi<\/li>\n<li><span style=\"line-height: 1.5em;\">Scattare in giro per la citt\u00e0, sperimentare<\/span><\/li>\n<li>Cena <em>\u201cA presto\u201d<\/em><\/li>\n<\/ul>\n<\/div>\n<h3><span style=\"font-size: 14px; line-height: 1.5em;\">[\/one_fourth_last]<\/span><\/h3>\n<p>[bra_divider height=&#8221;20&#8243;]<\/p>\n<p><img loading=\"lazy\" decoding=\"async\" class=\"wp-image-6532 size-large\" src=\"http:\/\/carmencitafilmlab.com\/wp-content\/uploads\/Valencia-4COMP-1024x368.jpg\" alt=\"Hanke Arkenbout \/ Isabelle Hesselberg\" width=\"1024\" height=\"368\" srcset=\"https:\/\/carmencitafilmlab.com\/wp-content\/uploads\/Valencia-4COMP-1024x368.jpg 1024w, https:\/\/carmencitafilmlab.com\/wp-content\/uploads\/Valencia-4COMP-450x162.jpg 450w, https:\/\/carmencitafilmlab.com\/wp-content\/uploads\/Valencia-4COMP-300x108.jpg 300w, https:\/\/carmencitafilmlab.com\/wp-content\/uploads\/Valencia-4COMP.jpg 1280w\" sizes=\"auto, (max-width: 1024px) 100vw, 1024px\" \/><em>di <a href=\"http:\/\/hankearkenbout.com\/\" target=\"_blank\" rel=\"noopener noreferrer\">Hanke Arkenbout<\/a> \/ <a href=\"http:\/\/www.2brides.se\/\" target=\"_blank\" rel=\"noopener noreferrer\">Isabelle Hesselberg<\/a><\/em><\/p>\n<p>[bra_border_divider top=&#8221;5&#8243; bottom=&#8221;0&#8243;] [bra_center_title title=&#8221;Prenotazione&#8221; subtitle=&#8221;&#8221; top_margin=&#8221;30&#8243;]<\/p>\n<p style=\"text-align: center;\">[one_third]<\/p>\n<h3 style=\"text-align: center;\">Assicurati il tuo posto!<\/h3>\n<p>[bra_divider height=&#8221;15&#8243;]<\/p>\n<p style=\"text-align: center;\">Vuoi venire? \u00c8 facile! <\/p>\n<p style=\"text-align: center;\">Acquista il prodotto per la prenotazione del posto nel nostro negozio<\/p>\n<p style=\"text-align: center;\"><a href=\"https:\/\/carmencitafilmlab.com\/product\/carmencita-meets-vlc-2017-save-spot\/\">QUI<\/a><\/p>\n<p style=\"text-align: center;\">Ricorda che ci sono solo <strong>14 posti <\/strong>disponibili! [\/one_third] [one_third]<\/p>\n<h3 style=\"text-align: center;\">Prezzo<\/h3>\n<p>[bra_divider height=&#8221;15&#8243;]<\/p>\n<h6 style=\"text-align: center;\"><em>&#8211; 700 \u20ac &#8211;<\/em><\/h6>\n<p style=\"text-align: center;\"><em>(tasse non incluse*)<\/em><\/p>\n<p style=\"text-align: center;\">[\/one_third] [one_third_last]<\/p>\n<h3 style=\"text-align: center;\">Pagamento<\/h3>\n<p>[bra_divider height=&#8221;15&#8243;]<\/p>\n<p style=\"text-align: justify;\">\u00c8 richiesto un deposito di 200 \u20ac per convalidare la prenotazione. Il saldo dovr\u00e0 essere versato un mese prima dell&#8217;inizio del workshop. I pagamenti verranno effettuati tramite il negozio online.  <\/p>\n<p style=\"text-align: justify;\">Una volta fatto, riceverai un&#8217;email di conferma e il posto sar\u00e0 tuo!<\/p>\n<p style=\"text-align: center;\">[\/one_third_last]<\/p>\n<p style=\"text-align: center;\">[bra_divider height=&#8221;40&#8243;]<\/p>\n<p style=\"text-align: left;\"><em>*\u00c8 necessario aggiungere il 21% di IVA spagnola; se vivi nell&#8217;UE e hai una partita IVA, inviacela e sarai esente dalle tasse spagnole. Se vivi fuori dall&#8217;UE, non verranno applicate tasse. <\/em><\/p>\n<p style=\"text-align: center;\">[bra_border_divider top=&#8221;20&#8243; bottom=&#8221;0&#8243;][bra_center_title title=&#8221;Trasparenza&#8221; subtitle=&#8221;Meant to learn not to earn&#8221; top_margin=&#8221;30&#8243;]<\/p>\n<p style=\"text-align: center;\">[one_half]<\/p>\n<p style=\"text-align: center;\">[bra_divider height=&#8221;10&#8243;]<\/p>\n<p><a href=\"http:\/\/www.wesleynulens.be\/blog\/\" target=\"_blank\" rel=\"noopener noreferrer\"><img loading=\"lazy\" decoding=\"async\" class=\"wp-image-6530 size-large\" src=\"http:\/\/carmencitafilmlab.com\/wp-content\/uploads\/150424-VLC060-1024x761.jpg\" alt=\"di Wesley Nulens\" width=\"1024\" height=\"761\" srcset=\"https:\/\/carmencitafilmlab.com\/wp-content\/uploads\/150424-VLC060-1024x761.jpg 1024w, https:\/\/carmencitafilmlab.com\/wp-content\/uploads\/150424-VLC060-450x335.jpg 450w, https:\/\/carmencitafilmlab.com\/wp-content\/uploads\/150424-VLC060-300x223.jpg 300w, https:\/\/carmencitafilmlab.com\/wp-content\/uploads\/150424-VLC060.jpg 2000w\" sizes=\"auto, (max-width: 1024px) 100vw, 1024px\" \/><\/a> <em>di <a href=\"http:\/\/www.wesleynulens.be\/blog\/\" target=\"_blank\" rel=\"noopener noreferrer\">Wesley Nulens<\/a><\/em><\/p>\n<p style=\"text-align: center;\">[\/one_half] [one_half_last]<\/p>\n<p style=\"text-align: center;\">[bra_divider height=&#8221;10&#8243;]<\/p>\n<h3 style=\"text-align: center;\">Conoscere i costi<\/h3>\n<p>[bra_divider height=&#8221;10&#8243;]<\/p>\n<p style=\"text-align: justify;\">Da quando abbiamo iniziato questa avventura, una cosa ci \u00e8 stata chiarissima: siamo qui perch\u00e9 vogliamo <strong>aiutare i fotografi a scattare in analogico<\/strong> senza morire nel tentativo. Prima \u00e8 stata la scansione e lo sviluppo, poi abbiamo fatto un passo avanti con il nostro piccolo negozio di rullini e infine ci siamo consolidati diffondendo la conoscenza attraverso i workshop. <\/p>\n<p style=\"text-align: justify;\">Non potremmo essere pi\u00f9 felici per tutte le esperienze vissute, ma da quello che vediamo oggi sembra che ci sia uno scenario inondato di workshop, e questo \u00e8 fantastico&#8230; quando senti che ci\u00f2 che ricevi <strong>vale<\/strong> i tuoi soldi.<\/p>\n<p style=\"text-align: justify;\">[bra_divider height=&#8221;20&#8243;]<\/p>\n<p style=\"text-align: justify;\">Ecco perch\u00e9 apriremo i nostri registri a chi desidera sapere dove finisce tutto il budget. Se hai domande, saremo lieti di rispondere! E se alla fine del workshop ci sar\u00e0 un profitto extra, decideremo insieme cosa farne: drink, rullini, coupon Carmencita&#8230; quello che preferite! Tieni presente inoltre che il tempo di organizzazione sar\u00e0 pagato a ore alle rispettive persone coinvolte.   <\/p>\n<p style=\"text-align: justify;\">Questo non \u00e8 un workshop normale, n\u00e9 vuole esserlo. Crediamo profondamente che le cose possano essere fatte diversamente, per il meglio! <\/p>\n<p style=\"text-align: center;\">[\/one_half_last]<\/p>\n<p style=\"text-align: center;\">[bra_border_divider top=&#8221;15&#8243; bottom=&#8221;0&#8243;][bra_center_title title=&#8221;Gran Finale&#8221; subtitle=&#8221;Carmencita Opening Party (again)&#8221; top_margin=&#8221;30&#8243;]<\/p>\n<p style=\"text-align: center;\">[one_half]<\/p>\n<p style=\"text-align: justify;\">[bra_divider height=&#8221;0&#8243;]<\/p>\n<h3 style=\"text-align: center;\">Siete tutti invitati!<\/h3>\n<p style=\"text-align: justify;\">Come forse gi\u00e0 saprai, Carmencita ha 4 anni ma non abbiamo mai fatto una festa di inaugurazione quando abbiamo aperto inizialmente (per motivi inspiegabili), quindi quando ci siamo trasferiti in citt\u00e0 abbiamo detto: \u201cOra \u00e8 il momento!\u201d. \u00c8 andata meglio di quanto avessimo mai immaginato, con 15 persone arrivate in volo da tutta Europa per quel weekend che si sono mescolate con <strong>200 persone<\/strong> di Valencia, scoprendo la nuova sede del laboratorio e celebrando la pellicola (e la birra gratis, ovviamente). <\/p>\n<p style=\"text-align: justify;\">Non siamo sicuri che si possa festeggiare l&#8217;anniversario di una festa, ma abbiamo intenzione di farlo comunque =) Non potevamo pensare a una fine migliore per un <em>\u201cCarmencita meets\u201d<\/em>: una grande festa per celebrare il nostro secondo anno in citt\u00e0.<\/p>\n<p style=\"text-align: justify;\">[bra_divider height=&#8221;15&#8243;]<\/p>\n<p style=\"text-align: justify;\"><strong>Il tuo alloggio \u00e8 prenotato fino a domenica<\/strong> quindi, anche se non ci saranno attivit\u00e0 organizzate durante il giorno, contiamo su di te per la festa di sabato sera! L&#8217;\u201cOpening Party Anniversary\u201d si terr\u00e0 il <b>29 aprile<\/b> e ulteriori dettagli saranno pubblicati su <a href=\"https:\/\/www.facebook.com\/Carmencita-Film-Lab-517352528299441\/\" target=\"_blank\" rel=\"noopener noreferrer\">Facebook<\/a> molto presto! <\/p>\n<p style=\"text-align: justify;\">[\/one_half] [one_half_last]<\/p>\n<p><a href=\"http:\/\/www.brancoprata.com\/\" target=\"_blank\" rel=\"noopener noreferrer\"><img loading=\"lazy\" decoding=\"async\" class=\"wp-image-6531 size-large\" src=\"http:\/\/carmencitafilmlab.com\/wp-content\/uploads\/VALENCIA-28-1024x687.jpg\" alt=\"di Andre Teixeira\" width=\"1024\" height=\"687\" srcset=\"https:\/\/carmencitafilmlab.com\/wp-content\/uploads\/VALENCIA-28-1024x687.jpg 1024w, https:\/\/carmencitafilmlab.com\/wp-content\/uploads\/VALENCIA-28-450x302.jpg 450w, https:\/\/carmencitafilmlab.com\/wp-content\/uploads\/VALENCIA-28-300x201.jpg 300w, https:\/\/carmencitafilmlab.com\/wp-content\/uploads\/VALENCIA-28.jpg 2000w\" sizes=\"auto, (max-width: 1024px) 100vw, 1024px\" \/><\/a> <em>di <a href=\"http:\/\/www.brancoprata.com\/\" target=\"_blank\" rel=\"noopener noreferrer\">Andre Teixeira<\/a><\/em><\/p>\n<p style=\"text-align: center;\">[\/one_half_last]<\/p>\n<p style=\"text-align: center;\">[bra_border_divider top=&#8221;40&#8243; bottom=&#8221;30&#8243;][bra_center_title title=&#8221;&#8221; subtitle=&#8221;Hasta Pronto!&#8221; top_margin=&#8221;0&#8243;]<\/p>\n<p style=\"text-align: center;\">Hai ancora domande? Scrivici! <\/p>\n<p style=\"text-align: center;\"><a href=\"mailto:meets@carmencitafilmlab.com?Subject=Porto!\" target=\"_top\" rel=\"noopener noreferrer\">meets@carmencitafilmlab.com<\/a><\/p>\n<p style=\"text-align: center;\">[bra_divider height=&#8221;15&#8243;]<\/p>\n<p><a href=\"http:\/\/www.2brides.se\/\" target=\"_blank\" rel=\"noopener noreferrer\"><img loading=\"lazy\" decoding=\"async\" class=\"wp-image-6533 size-full\" src=\"http:\/\/carmencitafilmlab.com\/wp-content\/uploads\/IsabelleHesselberg-11.jpg\" alt=\"di Isabelle Hesselberg\" width=\"992\" height=\"355\" srcset=\"https:\/\/carmencitafilmlab.com\/wp-content\/uploads\/IsabelleHesselberg-11.jpg 992w, https:\/\/carmencitafilmlab.com\/wp-content\/uploads\/IsabelleHesselberg-11-450x161.jpg 450w, https:\/\/carmencitafilmlab.com\/wp-content\/uploads\/IsabelleHesselberg-11-300x107.jpg 300w\" sizes=\"auto, (max-width: 992px) 100vw, 992px\" \/><\/a> <em>di <a href=\"http:\/\/www.2brides.se\/\" target=\"_blank\" rel=\"noopener noreferrer\">Isabelle Hesselberg<\/a><\/em><\/p>\n<\/div>\n","protected":false},"excerpt":{"rendered":"<p>[bra_divider height=&#8221;20&#8243;] Alla scoperta di Valencia con la tua famiglia analogica &#8211; 2017 &#8211; &nbsp; Ci siamo di nuovo! Un \u201cCarmencita meets\u201d a Valencia, la nostra casa e il nostro quartier generale. Dopo esserci trasferiti da L&#8217;Alc\u00fadia in citt\u00e0 e aver gestito l&#8217;incredibile mole di lavoro che abbiamo avuto la fortuna di ricevere quest&#8217;estate, sentiamo&#8230;<\/p>\n","protected":false},"author":4,"featured_media":0,"parent":81660,"menu_order":0,"comment_status":"closed","ping_status":"closed","template":"","meta":{"_monsterinsights_skip_tracking":false,"_monsterinsights_sitenote_active":false,"_monsterinsights_sitenote_note":"","_monsterinsights_sitenote_category":0,"_joinchat":[],"footnotes":""},"class_list":["post-81330","page","type-page","status-publish","hentry"],"_links":{"self":[{"href":"https:\/\/carmencitafilmlab.com\/it\/wp-json\/wp\/v2\/pages\/81330","targetHints":{"allow":["GET"]}}],"collection":[{"href":"https:\/\/carmencitafilmlab.com\/it\/wp-json\/wp\/v2\/pages"}],"about":[{"href":"https:\/\/carmencitafilmlab.com\/it\/wp-json\/wp\/v2\/types\/page"}],"author":[{"embeddable":true,"href":"https:\/\/carmencitafilmlab.com\/it\/wp-json\/wp\/v2\/users\/4"}],"replies":[{"embeddable":true,"href":"https:\/\/carmencitafilmlab.com\/it\/wp-json\/wp\/v2\/comments?post=81330"}],"version-history":[{"count":1,"href":"https:\/\/carmencitafilmlab.com\/it\/wp-json\/wp\/v2\/pages\/81330\/revisions"}],"predecessor-version":[{"id":81666,"href":"https:\/\/carmencitafilmlab.com\/it\/wp-json\/wp\/v2\/pages\/81330\/revisions\/81666"}],"up":[{"embeddable":true,"href":"https:\/\/carmencitafilmlab.com\/it\/wp-json\/wp\/v2\/pages\/81660"}],"wp:attachment":[{"href":"https:\/\/carmencitafilmlab.com\/it\/wp-json\/wp\/v2\/media?parent=81330"}],"curies":[{"name":"wp","href":"https:\/\/api.w.org\/{rel}","templated":true}]}}