{"id":77038,"date":"2026-03-31T20:30:05","date_gmt":"2026-03-31T18:30:05","guid":{"rendered":"https:\/\/carmencitafilmlab.com\/carmencita-meets-valencia-2017\/"},"modified":"2026-03-31T20:30:54","modified_gmt":"2026-03-31T18:30:54","slug":"carmencita-meets-valencia-2017","status":"publish","type":"page","link":"https:\/\/carmencitafilmlab.com\/fr\/ateliers\/carmencita-meets-valencia-2017\/","title":{"rendered":"Carmencita Meets Valencia 2017"},"content":{"rendered":"<p>[bra_divider height=\u00a0\u00bb20&Prime;]<\/p>\n<p style=\"text-align: center;\"><img loading=\"lazy\" decoding=\"async\" src=\"http:\/\/carmencitafilmlab.com\/wp-content\/uploads\/jpg-150x150.\" alt=\"&amp;\" width=\"75\" height=\"75\"><\/p>\n<h1 style=\"text-align: center;\"><strong>D\u00e9couvrir Valence<\/strong><\/h1>\n<h3 style=\"text-align: center;\">avec votre famille de la photographie argentique<\/h3>\n<p style=\"text-align: center;\"><em>&#8211; 2017 &#8211;<\/em><\/p>\n<p>&nbsp;<\/p>\n<div>\n<p style=\"text-align: center;\">C\u2019est reparti ! Un \u00ab <em>Carmencita meets<\/em> \u00bb \u00e0 Valence, notre ville et notre si\u00e8ge. Apr\u00e8s avoir d\u00e9m\u00e9nag\u00e9 de L\u2019Alc\u00fadia \u00e0 la ville et g\u00e9r\u00e9 le travail consid\u00e9rable que nous avons eu la chance d\u2019avoir cet \u00e9t\u00e9, nous pensons qu\u2019il est temps d\u2019organiser un \u00ab <em>Meets<\/em> \u00bb dans ce petit coin de la M\u00e9diterran\u00e9e. Le <em>Meets<\/em> est quelque chose de diff\u00e9rent ; consid\u00e9rez-le comme un rassemblement de photographes qui aiment partager des exp\u00e9riences et grandir ensemble, plut\u00f4t que d\u2019apprendre des astuces de ma\u00eetres. #<em>cecin\u2019estpasunatelier<\/em>   <\/p>\n<p style=\"text-align: center;\">Ce n\u2019est que par le <strong>partage<\/strong> qu\u2019il est possible de faire progresser la photographie argentique europ\u00e9enne, et nous sommes impatients de vous montrer les petites merveilles de notre ville !<\/p>\n<p style=\"text-align: center;\">[bra_divider height=\u00a0\u00bb20&Prime;]<\/p>\n<p><a href=\"http:\/\/hankearkenbout.com\/\" target=\"_blank\" rel=\"noopener noreferrer\"><img loading=\"lazy\" decoding=\"async\" class=\"wp-image-6514 size-full aligncenter\" src=\"http:\/\/carmencitafilmlab.com\/wp-content\/uploads\/travel_valencia_madrid_photography_film_hanke_arkenbout-028.jpg\" alt=\"par Hanke Arkenbout\" width=\"640\" height=\"378\" srcset=\"https:\/\/carmencitafilmlab.com\/wp-content\/uploads\/travel_valencia_madrid_photography_film_hanke_arkenbout-028.jpg 640w, https:\/\/carmencitafilmlab.com\/wp-content\/uploads\/travel_valencia_madrid_photography_film_hanke_arkenbout-028-450x266.jpg 450w, https:\/\/carmencitafilmlab.com\/wp-content\/uploads\/travel_valencia_madrid_photography_film_hanke_arkenbout-028-300x177.jpg 300w\" sizes=\"auto, (max-width: 640px) 100vw, 640px\" \/><\/a><em>  par <a href=\"http:\/\/hankearkenbout.com\/\" target=\"_blank\" rel=\"noopener noreferrer\">Hanke Arkenbout<\/a><\/em><\/p>\n<p style=\"text-align: center;\">[bra_border_divider top=\u00a0\u00bb25&Prime; bottom=\u00a0\u00bb0&Prime;][bra_center_title title=\u00a0\u00bbLe programme\u00a0\u00bb subtitle=\u00a0\u00bb\u00a0\u00bb top_margin=\u00a0\u00bb30&Prime;]<\/p>\n<p style=\"text-align: center;\">[one_half]<\/p>\n<h3 style=\"text-align: center;\"><span style=\"font-size: 1.17em; line-height: 1.5em;\">D\u00e9couvrez la ville comme un local<\/span><\/h3>\n<p>[bra_divider height=\u00a0\u00bb5&Prime;]<\/p>\n<p style=\"text-align: justify;\">Comme le laboratoire, la plupart d\u2019entre nous sont n\u00e9s et ont grandi ici ; ce n\u2019est pas une grande ville et nous l\u2019adorons. Nous connaissons par c\u0153ur ses astuces, ses meilleurs endroits et les histoires qui les accompagnent. L\u2019une des meilleures choses, c\u2019est que, quelle que soit la p\u00e9riode de l\u2019ann\u00e9e, le soleil est garanti \u00e0 100 %. Nous esp\u00e9rons que vous vous sentirez partie int\u00e9grante de la ville au moment de dire au revoir.   <\/p>\n<p style=\"text-align: justify;\">Nous ne nous rassemblerons pas en un seul endroit, car il y a <strong>plusieurs lieux<\/strong> que nous devons vous montrer si vous venez ici. Nous nous d\u00e9placerons dans la ville comme si c\u2019\u00e9tait une seconde nature. \u00c0 Valence, presque tout est accessible \u00e0 pied, avec ses rues \u00e9troites, ses recoins improbables, ses b\u00e2timents du XIVe si\u00e8cle et tout cela entour\u00e9 par la couleur vive de notre folklore.  <\/p>\n<p style=\"text-align: justify;\">Et pas seulement la ville, nous vous emm\u00e8nerons aussi d\u00e9couvrir les merveilles de la nature qui nous entourent !<\/p>\n<p style=\"text-align: justify;\">[bra_divider height=\u00a0\u00bb5&Prime;]<\/p>\n<p><a href=\"http:\/\/hankearkenbout.com\/\"><img loading=\"lazy\" decoding=\"async\" class=\"wp-image-6517 size-full aligncenter\" src=\"http:\/\/carmencitafilmlab.com\/wp-content\/uploads\/travel_valencia_madrid_photography_film_hanke_arkenbout-036-e1452876719800.jpg\" alt=\"par Hanke Arkenbout\" width=\"380\" height=\"380\" srcset=\"https:\/\/carmencitafilmlab.com\/wp-content\/uploads\/travel_valencia_madrid_photography_film_hanke_arkenbout-036-e1452876719800.jpg 380w, https:\/\/carmencitafilmlab.com\/wp-content\/uploads\/travel_valencia_madrid_photography_film_hanke_arkenbout-036-e1452876719800-100x100.jpg 100w, https:\/\/carmencitafilmlab.com\/wp-content\/uploads\/travel_valencia_madrid_photography_film_hanke_arkenbout-036-e1452876719800-150x150.jpg 150w, https:\/\/carmencitafilmlab.com\/wp-content\/uploads\/travel_valencia_madrid_photography_film_hanke_arkenbout-036-e1452876719800-300x300.jpg 300w, https:\/\/carmencitafilmlab.com\/wp-content\/uploads\/travel_valencia_madrid_photography_film_hanke_arkenbout-036-e1452876719800-270x270.jpg 270w\" sizes=\"auto, (max-width: 380px) 100vw, 380px\" \/><\/a><em>            <\/em><em>par <a href=\"http:\/\/hankearkenbout.com\/\" target=\"_blank\" rel=\"noopener noreferrer\">Hanke Arkenbout<\/a><\/em><\/p>\n<p style=\"text-align: justify;\">[\/one_half] [one_half_last]<\/p>\n<h3 style=\"text-align: center;\"><span style=\"font-size: 1.17em; line-height: 1.5em;\">Apprendre ensemble<\/span><\/h3>\n<p>[bra_divider height=\u00a0\u00bb3&Prime;]<\/p>\n<p style=\"text-align: justify;\">Une grande partie de l\u2019apprentissage et de la croissance en tant que professionnel repose sur le <strong>partage<\/strong>, du moins c\u2019est ce que nous croyons fermement. Nous aimons les ateliers pour cela, mais autant nous aimons les connaissances, autant nous aimons le sentiment de rentrer chez nous avec un groupe de nouveaux amis qui partagent la m\u00eame <strong>passion folle pour la photographie argentique<\/strong> que nous, et le fait d\u2019avoir eu la chance de parler de nos passions lors de longs d\u00e9jeuners, de d\u00eeners chaleureux et de boissons fra\u00eeches en soir\u00e9e. <\/p>\n<p style=\"text-align: justify;\">Et c\u2019est ce que nous visons ! Plut\u00f4t que de vous dire comment photographier, nous aimerions \u00e9changer des exp\u00e9riences et partager ce que nous savons et comment nous travaillons, tout en \u00e9tant entour\u00e9s par les merveilles de Valence. <strong>Connecter<\/strong> les photographes est quelque chose qui est inscrit dans l\u2019ADN m\u00eame de Carmencita, et nous ne nous en lassons pas. <\/p>\n<p style=\"text-align: justify;\">[bra_divider height=\u00a0\u00bb16&Prime;]<\/p>\n<h3><\/h3>\n<p><a href=\"http:\/\/www.wesleynulens.be\/blog\/\" target=\"_blank\" rel=\"noopener noreferrer\"><img loading=\"lazy\" decoding=\"async\" class=\"wp-image-6520 size-full aligncenter\" src=\"http:\/\/carmencitafilmlab.com\/wp-content\/uploads\/150424-VLC076-e1452877361904.jpg\" alt=\"par Wesley Nulens\" width=\"380\" height=\"380\" srcset=\"https:\/\/carmencitafilmlab.com\/wp-content\/uploads\/150424-VLC076-e1452877361904.jpg 380w, https:\/\/carmencitafilmlab.com\/wp-content\/uploads\/150424-VLC076-e1452877361904-100x100.jpg 100w, https:\/\/carmencitafilmlab.com\/wp-content\/uploads\/150424-VLC076-e1452877361904-150x150.jpg 150w, https:\/\/carmencitafilmlab.com\/wp-content\/uploads\/150424-VLC076-e1452877361904-300x300.jpg 300w, https:\/\/carmencitafilmlab.com\/wp-content\/uploads\/150424-VLC076-e1452877361904-270x270.jpg 270w\" sizes=\"auto, (max-width: 380px) 100vw, 380px\" \/><\/a><em>  par <a href=\"http:\/\/www.wesleynulens.be\/blog\/\" target=\"_blank\" rel=\"noopener noreferrer\">Wesley Nulens<\/a><\/em><\/p>\n<p style=\"text-align: justify;\">[\/one_half_last]<\/p>\n<p style=\"text-align: center;\">[bra_border_divider top=\u00a0\u00bb40&Prime; bottom=\u00a0\u00bb0&Prime;][bra_center_title title=\u00a0\u00bbEt magnifiquement stylis\u00e9\u00a0\u00bb subtitle=\u00a0\u00bb\u00a0\u00bb top_margin=\u00a0\u00bb30&Prime;]<\/p>\n<p style=\"text-align: center;\">Vous connaissiez peut-\u00eatre d\u00e9j\u00e0 le travail de nos amis portugais (<a href=\"http:\/\/carmencitafilmlab.com\/2014\/02\/branco-prata\/\" target=\"_blank\" rel=\"noopener noreferrer\">d\u00e9couvrez-les !<\/a>), mais BrancoPrata, c\u2019est bien plus que de la photographie. Une grande partie de leur travail repose sur le stylisme et la conception florale, et nous pensons que c\u2019est une excellente occasion de voir comment ils travaillent et combinent ces comp\u00e9tences avec la photographie. <\/p>\n<p style=\"text-align: center;\">En tant que photographes, il peut \u00eatre difficile de voir tout le travail acharn\u00e9 derri\u00e8re le <strong>stylisme et la d\u00e9coration<\/strong>. Nous voulons profiter de cette occasion pour que vous puissiez rencontrer Sofia, la superwoman derri\u00e8re BrancoPrata, et lui poser toutes les questions que vous souhaitez sur le stylisme, afin de tirer le meilleur parti de chaque s\u00e9ance photo. Ils seront avec nous et expliqueront \u00e9tape par \u00e9tape leur processus cr\u00e9atif, afin de vous aider \u00e0 travailler avec des stylistes ou lorsque vous planifiez quelque chose par vous-m\u00eame.  <\/p>\n<p style=\"text-align: center;\">Il n\u2019y aura pas de s\u00e9ances photo stylis\u00e9es organis\u00e9es cette fois-ci, nous voulons nous orienter vers des discussions sur la cr\u00e9ativit\u00e9, le style, pourquoi l\u2019argentique, comment se commercialiser, cr\u00e9er une communaut\u00e9, etc. Nous ferons \u00e9galement de petites excursions et aurons davantage de \u00ab petites s\u00e9ances photo spontan\u00e9es \u00bb \ud83d\ude42 <\/p>\n<p style=\"text-align: center;\">[bra_divider height=\u00a0\u00bb20&Prime;]<\/p>\n<\/div>\n<p style=\"text-align: center;\"><a href=\"http:\/\/www.brancoprata.com\/\"><img loading=\"lazy\" decoding=\"async\" class=\"aligncenter wp-image-6526 size-medium\" src=\"http:\/\/carmencitafilmlab.com\/wp-content\/uploads\/BrancoPrataFloral-300x300.jpg\" alt=\"BrancoPrataFloral\" width=\"300\" height=\"300\" srcset=\"https:\/\/carmencitafilmlab.com\/wp-content\/uploads\/BrancoPrataFloral-300x300.jpg 300w, https:\/\/carmencitafilmlab.com\/wp-content\/uploads\/BrancoPrataFloral-450x450.jpg 450w, https:\/\/carmencitafilmlab.com\/wp-content\/uploads\/BrancoPrataFloral-100x100.jpg 100w, https:\/\/carmencitafilmlab.com\/wp-content\/uploads\/BrancoPrataFloral-150x150.jpg 150w, https:\/\/carmencitafilmlab.com\/wp-content\/uploads\/BrancoPrataFloral-270x270.jpg 270w, https:\/\/carmencitafilmlab.com\/wp-content\/uploads\/BrancoPrataFloral.jpg 505w\" sizes=\"auto, (max-width: 300px) 100vw, 300px\" \/><\/a><\/p>\n<div>\n<p style=\"text-align: center;\">[bra_border_divider top=\u00a0\u00bb30&Prime; bottom=\u00a0\u00bb10&Prime;]<\/p>\n<\/div>\n<div>\n<p style=\"text-align: center;\">[bra_divider height=\u00a0\u00bb20&Prime;][one_half]<\/p>\n<h3 style=\"text-align: center;\"><span style=\"font-size: 1.17em; line-height: 1.5em;\">D\u00e9tourner le concept d\u2019\u00ab atelier \u00bb<\/span><\/h3>\n<p style=\"text-align: justify;\">[bra_divider height=\u00a0\u00bb10&Prime;]<\/p>\n<p style=\"text-align: justify;\"><span style=\"line-height: 1.5em;\">Pouvoir apprendre les astuces des grands noms de la photographie est en effet un tr\u00e8s bon moyen d\u2019apprendre, mais nous avons constat\u00e9 une <strong>\u00e9norme augmentation<\/strong> de la photographie argentique en Europe et nous sommes ravis de voir comment chacun atteint un point o\u00f9 apprendre \u00e0 exposer n\u2019est plus un d\u00e9fi.<\/span><\/p>\n<p style=\"text-align: justify;\"><span style=\"line-height: 1.5em;\">Voyant comment la communaut\u00e9 \u00e9volue, nous pensons qu\u2019il manque un \u00e9v\u00e9nement o\u00f9 l\u2019on peut apprendre \u00e0 d\u00e9velopper davantage son activit\u00e9, \u00e0 approcher son type de clients ou m\u00eame \u00e0 d\u00e9crocher les emplois que l\u2019on aime et \u00e0 se commercialiser ; tout en profitant d\u2019une atmosph\u00e8re d\u00e9tendue et o\u00f9 <strong>vous pouvez participer activement<\/strong> en partageant vos exp\u00e9riences personnelles et vos pr\u00e9occupations avec les autres.<\/span><\/p>\n<p style=\"text-align: justify;\">Beaucoup de choses ont chang\u00e9 depuis notre ouverture en 2013 et nous pensons que les ateliers doivent \u00e9galement \u00eatre mis \u00e0 jour !<\/p>\n<p style=\"text-align: center;\">[\/one_half] [one_half_last]<\/p>\n<h3 style=\"text-align: center;\"><span style=\"font-size: 1.17em; line-height: 1.5em;\">Vous \u00eates aussi un orateur<\/span><\/h3>\n<p>[bra_divider height=\u00a0\u00bb10&Prime;]<\/p>\n<p style=\"text-align: justify;\">C\u2019est l\u00e0 que nous pensons que quelque chose peut \u00eatre <strong>fait diff\u00e9remment<\/strong>, en \u00e9tant plus intime que les conf\u00e9rences et sans la hi\u00e9rarchie d\u2019un atelier classique. C\u2019est pourquoi nous voulons vous <strong>rencontrer<\/strong> ! <\/p>\n<p style=\"text-align: justify;\"><span style=\"line-height: 1.5em;\">Nous voulons entendre votre voix et cr\u00e9er un<\/span> environnement<span style=\"line-height: 1.5em;\"> o\u00f9 nous partageons tous nos pens\u00e9es et o\u00f9 la seule question stupide est celle qui n\u2019est pas pos\u00e9e. Nous remplacerons les <i>conf\u00e9rences<\/i> par des <em>tables rondes<\/em>. Et oui, des <em>tables<\/em> avec un \u00ab s \u00bb car il y a tant de choses \u00e0 discuter et rappelez-vous que la ville est notre terrain de jeu, cela nous permettra de nous d\u00e9placer dans la ville pour trouver les meilleurs endroits pour nous r\u00e9unir, discuter et apprendre. <\/span><\/p>\n<p style=\"text-align: justify;\"><span style=\"line-height: 1.5em;\">Tout est accessible \u00e0 pied \u00e0 Valence&#8230; et nous savons que s\u2019il faut g\u00e9n\u00e9ralement 10 minutes pour aller n\u2019importe o\u00f9, avec des photographes, il faut 30 minutes entre \u00ab Oh, attendez, restez l\u00e0 une seconde ! \u00bb et \u00ab Mon Dieu, je dois faire votre portrait avec cette lumi\u00e8re ! \u00bb.<\/span><\/p>\n<p style=\"text-align: justify;\">[\/one_half_last]<\/p>\n<p style=\"text-align: justify;\">[bra_divider height=\u00a0\u00bb10&Prime;]<\/p>\n<p><img loading=\"lazy\" decoding=\"async\" class=\"wp-image-6525 size-full\" src=\"http:\/\/carmencitafilmlab.com\/wp-content\/uploads\/Banner-Meets-Valencia.jpg\" alt=\"par Andre Teixeira\" width=\"3459\" height=\"1120\" srcset=\"https:\/\/carmencitafilmlab.com\/wp-content\/uploads\/Banner-Meets-Valencia.jpg 3459w, https:\/\/carmencitafilmlab.com\/wp-content\/uploads\/Banner-Meets-Valencia-450x146.jpg 450w, https:\/\/carmencitafilmlab.com\/wp-content\/uploads\/Banner-Meets-Valencia-300x97.jpg 300w, https:\/\/carmencitafilmlab.com\/wp-content\/uploads\/Banner-Meets-Valencia-1024x332.jpg 1024w\" sizes=\"auto, (max-width: 3459px) 100vw, 3459px\" \/> <em>par <a href=\"http:\/\/www.brancoprata.com\/\" target=\"_blank\" rel=\"noopener noreferrer\">Andre Teixeira<\/a><\/em><\/p>\n<p>[bra_border_divider top=\u00a0\u00bb30&Prime; bottom=\u00a0\u00bb0&Prime;] [bra_center_title title=\u00a0\u00bb26, 27, 28 &amp; 29 avril\u00a0\u00bb subtitle=\u00a0\u00bbKnowing all the details\u00a0\u00bb top_margin=\u00a0\u00bb30&Prime;]<\/p>\n<p>[one_fourth]<\/p>\n<h3>Qu\u2019est-ce qui est inclus ?<\/h3>\n<div>\n<ul>\n<li>H\u00e9bergement pour 5 nuits<\/li>\n<li>D\u00e9jeuner &amp; D\u00eener<\/li>\n<li>Tables rondes sur des sujets ouverts concernant la photographie<\/li>\n<li>Visite guid\u00e9e de la ville par l\u2019\u00e9quipe Carmencita<\/li>\n<li>Visite guid\u00e9e du laboratoire<\/li>\n<li>D\u00e9veloppement &amp; Num\u00e9risation de votre propre pellicule<\/li>\n<li>Atelier de paella authentique<\/li>\n<li>F\u00eate d\u2019anniversaire Carmencita<\/li>\n<\/ul>\n<\/div>\n<h3><span style=\"font-size: 14px; line-height: 1.5em;\">[\/one_fourth] [one_fourth]<\/span><\/h3>\n<h3>Jour 1<\/h3>\n<div>\n<ul>\n<li>Pr\u00e9sentation<\/li>\n<li>Pourquoi l\u2019argentique ?<\/li>\n<li>Travail personnel<\/li>\n<li>Promenade dans le centre historique<\/li>\n<li>G\u00e9rer de vrais clients<\/li>\n<li>D\u00eener &amp; Boissons dans le centre historique<\/li>\n<\/ul>\n<\/div>\n<h3><span style=\"font-size: 14px; line-height: 1.5em;\">[\/one_fourth] [one_fourth]<\/span><\/h3>\n<div>\n<h3>Jour 2<\/h3>\n<div>\n<ul>\n<li>Excursion \u00e0 l\u2019Albufera<\/li>\n<li>Table ronde dans une \u00ab Barraca \u00bb<\/li>\n<li>L\u2019importance du travail d\u2019\u00e9quipe avant &amp; pendant la prise de vue<\/li>\n<li>D\u00e9jeuner traditionnel de paella<\/li>\n<li>Table ronde sur le style en photographie argentique<\/li>\n<li>Excursion en bateau sur le lac de l\u2019Albufera<\/li>\n<li>D\u00eener tapas<\/li>\n<\/ul>\n<\/div>\n<\/div>\n<p>[\/one_fourth] [one_fourth_last]<\/p>\n<div>\n<h3>Jour 3<\/h3>\n<\/div>\n<div>\n<ul>\n<li>Visite du laboratoire<\/li>\n<li>D\u00e9velopper &amp; Num\u00e9riser votre propre pellicule<\/li>\n<li>Le mythe derri\u00e8re les laboratoires<\/li>\n<li>100 % argentique ? Est-ce la vraie vie ? <\/li>\n<li>Tarification en Europe<\/li>\n<li>Comment approcher les gens, se connecter<\/li>\n<li><span style=\"line-height: 1.5em;\">Photographier en ville, exp\u00e9rimenter<\/span><\/li>\n<li>D\u00eener \u00ab <em>\u00c0 bient\u00f4t<\/em> \u00bb<\/li>\n<\/ul>\n<\/div>\n<h3><span style=\"font-size: 14px; line-height: 1.5em;\">[\/one_fourth_last]<\/span><\/h3>\n<p>[bra_divider height=\u00a0\u00bb20&Prime;]<\/p>\n<p><img loading=\"lazy\" decoding=\"async\" class=\"wp-image-6532 size-large\" src=\"http:\/\/carmencitafilmlab.com\/wp-content\/uploads\/Valencia-4COMP-1024x368.jpg\" alt=\"Hanke Arkenbout \/ Isabelle Hesselberg\" width=\"1024\" height=\"368\" srcset=\"https:\/\/carmencitafilmlab.com\/wp-content\/uploads\/Valencia-4COMP-1024x368.jpg 1024w, https:\/\/carmencitafilmlab.com\/wp-content\/uploads\/Valencia-4COMP-450x162.jpg 450w, https:\/\/carmencitafilmlab.com\/wp-content\/uploads\/Valencia-4COMP-300x108.jpg 300w, https:\/\/carmencitafilmlab.com\/wp-content\/uploads\/Valencia-4COMP.jpg 1280w\" sizes=\"auto, (max-width: 1024px) 100vw, 1024px\" \/><em>par <a href=\"http:\/\/hankearkenbout.com\/\" target=\"_blank\" rel=\"noopener noreferrer\">Hanke Arkenbout<\/a> \/ <a href=\"http:\/\/www.2brides.se\/\" target=\"_blank\" rel=\"noopener noreferrer\">Isabelle Hesselberg<\/a><\/em><\/p>\n<p>[bra_border_divider top=\u00a0\u00bb5&Prime; bottom=\u00a0\u00bb0&Prime;] [bra_center_title title=\u00a0\u00bbR\u00e9servation\u00a0\u00bb subtitle=\u00a0\u00bb\u00a0\u00bb top_margin=\u00a0\u00bb30&Prime;]<\/p>\n<p style=\"text-align: center;\">[one_third]<\/p>\n<h3 style=\"text-align: center;\">R\u00e9servez votre place !<\/h3>\n<p>[bra_divider height=\u00a0\u00bb15&Prime;]<\/p>\n<p style=\"text-align: center;\">Envie de venir ? C\u2019est facile ! <\/p>\n<p style=\"text-align: center;\">Achetez le produit de r\u00e9servation de place dans notre boutique<\/p>\n<p style=\"text-align: center;\"><a href=\"https:\/\/carmencitafilmlab.com\/product\/carmencita-meets-vlc-2017-save-spot\/\">ICI<\/a><\/p>\n<p style=\"text-align: center;\">N\u2019oubliez pas qu\u2019il n\u2019y a que <strong>14 places<\/strong> disponibles ! [\/one_third] [one_third]<\/p>\n<h3 style=\"text-align: center;\">Tarification<\/h3>\n<p>[bra_divider height=\u00a0\u00bb15&Prime;]<\/p>\n<h6 style=\"text-align: center;\"><em>\u2013 700 \u20ac \u2013<\/em><\/h6>\n<p style=\"text-align: center;\"><em>(taxes non incluses*)<\/em><\/p>\n<p style=\"text-align: center;\">[\/one_third] [one_third_last]<\/p>\n<h3 style=\"text-align: center;\">Paiement<\/h3>\n<p>[bra_divider height=\u00a0\u00bb15&Prime;]<\/p>\n<p style=\"text-align: justify;\">Un acompte de 200 \u20ac est requis pour valider votre r\u00e9servation. Le solde sera d\u00fb un mois avant le d\u00e9but de l\u2019atelier. Les paiements seront effectu\u00e9s via la boutique en ligne.  <\/p>\n<p style=\"text-align: justify;\">Une fois cela fait, vous recevrez un e-mail de confirmation et la place sera \u00e0 vous !<\/p>\n<p style=\"text-align: center;\">[\/one_third_last]<\/p>\n<p style=\"text-align: center;\">[bra_divider height=\u00a0\u00bb40&Prime;]<\/p>\n<p style=\"text-align: left;\"><em>*21 % de TVA espagnole doivent \u00eatre ajout\u00e9s. Si vous r\u00e9sidez dans l\u2019UE et que vous avez un num\u00e9ro de TVA, veuillez nous l\u2019envoyer et vous serez exempt\u00e9 des taxes espagnoles. Si vous r\u00e9sidez hors de l\u2019UE, aucune taxe ne sera appliqu\u00e9e. <\/em><\/p>\n<p style=\"text-align: center;\">[bra_border_divider top=\u00a0\u00bb20&Prime; bottom=\u00a0\u00bb0&Prime;][bra_center_title title=\u00a0\u00bbTransparence\u00a0\u00bb subtitle=\u00a0\u00bbMeant to learn not to earn\u00a0\u00bb top_margin=\u00a0\u00bb30&Prime;]<\/p>\n<p style=\"text-align: center;\">[one_half]<\/p>\n<p style=\"text-align: center;\">[bra_divider height=\u00a0\u00bb10&Prime;]<\/p>\n<p><a href=\"http:\/\/www.wesleynulens.be\/blog\/\" target=\"_blank\" rel=\"noopener noreferrer\"><img loading=\"lazy\" decoding=\"async\" class=\"wp-image-6530 size-large\" src=\"http:\/\/carmencitafilmlab.com\/wp-content\/uploads\/150424-VLC060-1024x761.jpg\" alt=\"par Wesley Nulens\" width=\"1024\" height=\"761\" srcset=\"https:\/\/carmencitafilmlab.com\/wp-content\/uploads\/150424-VLC060-1024x761.jpg 1024w, https:\/\/carmencitafilmlab.com\/wp-content\/uploads\/150424-VLC060-450x335.jpg 450w, https:\/\/carmencitafilmlab.com\/wp-content\/uploads\/150424-VLC060-300x223.jpg 300w, https:\/\/carmencitafilmlab.com\/wp-content\/uploads\/150424-VLC060.jpg 2000w\" sizes=\"auto, (max-width: 1024px) 100vw, 1024px\" \/><\/a> <em>par <a href=\"http:\/\/www.wesleynulens.be\/blog\/\" target=\"_blank\" rel=\"noopener noreferrer\">Wesley Nulens<\/a><\/em><\/p>\n<p style=\"text-align: center;\">[\/one_half] [one_half_last]<\/p>\n<p style=\"text-align: center;\">[bra_divider height=\u00a0\u00bb10&Prime;]<\/p>\n<h3 style=\"text-align: center;\">Conna\u00eetre les co\u00fbts<\/h3>\n<p>[bra_divider height=\u00a0\u00bb10&Prime;]<\/p>\n<p style=\"text-align: justify;\">Depuis que nous avons commenc\u00e9 cette aventure, une chose \u00e9tait claire pour nous : nous sommes l\u00e0 parce que nous voulons <strong>aider les photographes \u00e0 photographier \u00e0 l\u2019argentique<\/strong> et \u00e0 ne pas mourir en essayant. D\u2019abord, il y a eu la num\u00e9risation et le d\u00e9veloppement, puis cela a progress\u00e9 un peu plus avec notre petite boutique de pellicules et s\u2019est \u00e9tabli en diffusant les connaissances par le biais d\u2019ateliers. <\/p>\n<p style=\"text-align: justify;\">Nous ne pourrions \u00eatre plus heureux de toutes les exp\u00e9riences que nous avons v\u00e9cues, mais d\u2019apr\u00e8s ce que nous avons vu aujourd\u2019hui, il semble que nous ayons un sc\u00e9nario inond\u00e9 d\u2019ateliers, et c\u2019est formidable&#8230; quand vous avez l\u2019impression d\u2019en avoir pour votre <strong>argent<\/strong>.<\/p>\n<p style=\"text-align: justify;\">[bra_divider height=\u00a0\u00bb20&Prime;]<\/p>\n<p style=\"text-align: justify;\">C\u2019est pourquoi nous ouvrirons nos livres \u00e0 ceux qui souhaitent savoir o\u00f9 va tout le budget. Si vous avez des questions, nous serons ravis d\u2019y r\u00e9pondre ! Et si \u00e0 la fin de l\u2019atelier il y a un profit suppl\u00e9mentaire, nous d\u00e9ciderons ensemble quoi en faire : boissons, pellicules, bons Carmencita&#8230; \u00e0 vous de choisir ! Comprenez \u00e9galement que le temps d\u2019organisation sera r\u00e9mun\u00e9r\u00e9 en heures aux personnes concern\u00e9es.   <\/p>\n<p style=\"text-align: justify;\">Ce n\u2019est pas un atelier ordinaire, et il n\u2019est pas cens\u00e9 l\u2019\u00eatre. Nous croyons profond\u00e9ment que les choses peuvent \u00eatre faites diff\u00e9remment pour le mieux ! <\/p>\n<p style=\"text-align: center;\">[\/one_half_last]<\/p>\n<p style=\"text-align: center;\">[bra_border_divider top=\u00a0\u00bb15&Prime; bottom=\u00a0\u00bb0&Prime;][bra_center_title title=\u00a0\u00bbGrand Finale\u00a0\u00bb subtitle=\u00a0\u00bbCarmencita Opening Party (again)\u00a0\u00bb top_margin=\u00a0\u00bb30&Prime;]<\/p>\n<p style=\"text-align: center;\">[one_half]<\/p>\n<p style=\"text-align: justify;\">[bra_divider height=\u00a0\u00bb0&Prime;]<\/p>\n<h3 style=\"text-align: center;\">Tout le monde est invit\u00e9 !<\/h3>\n<p style=\"text-align: justify;\">Comme vous le savez peut-\u00eatre d\u00e9j\u00e0, Carmencita a 4 ans, mais nous n\u2019avons jamais organis\u00e9 de f\u00eate d\u2019ouverture lorsque nous avons initialement ouvert (pour des raisons inexplicables). Alors, lorsque nous avons d\u00e9m\u00e9nag\u00e9 en ville, nous nous sommes dit : \u00ab C\u2019est le moment ! \u00bb Cela s\u2019est av\u00e9r\u00e9 mieux que nous n\u2019aurions jamais pu l\u2019imaginer, avec 15 personnes venues de toute l\u2019Europe pour ce week-end, se m\u00ealant \u00e0 <strong>200 personnes<\/strong> de Valence, d\u00e9couvrant les nouvelles installations du laboratoire et c\u00e9l\u00e9brant l\u2019argentique (et la bi\u00e8re gratuite, bien s\u00fbr). <\/p>\n<p style=\"text-align: justify;\">Nous ne sommes pas s\u00fbrs de pouvoir r\u00e9ellement c\u00e9l\u00e9brer l\u2019anniversaire d\u2019une f\u00eate, mais nous avons l\u2019intention de le faire de toute fa\u00e7on =) Nous ne pouvions pas imaginer une meilleure fin pour un <em>\u00ab Carmencita meets \u00bb<\/em>, une grande f\u00eate pour c\u00e9l\u00e9brer notre deuxi\u00e8me ann\u00e9e en ville.<\/p>\n<p style=\"text-align: justify;\">[bra_divider height=\u00a0\u00bb15&Prime;]<\/p>\n<p style=\"text-align: justify;\"><strong>Votre h\u00e9bergement est r\u00e9serv\u00e9 jusqu\u2019\u00e0 dimanche<\/strong>, donc, m\u00eame s\u2019il n\u2019y aura pas d\u2019activit\u00e9s organis\u00e9es pendant la journ\u00e9e, nous comptons sur vous pour la f\u00eate du samedi soir ! La \u00ab Soir\u00e9e d\u2019anniversaire d\u2019ouverture \u00bb aura lieu le <b>29 avril<\/b> et plus de d\u00e9tails seront publi\u00e9s tr\u00e8s bient\u00f4t sur notre <a href=\"https:\/\/www.facebook.com\/Carmencita-Film-Lab-517352528299441\/\" target=\"_blank\" rel=\"noopener noreferrer\">Facebook<\/a> ! <\/p>\n<p style=\"text-align: justify;\">[\/one_half] [one_half_last]<\/p>\n<p><a href=\"http:\/\/www.brancoprata.com\/\" target=\"_blank\" rel=\"noopener noreferrer\"><img loading=\"lazy\" decoding=\"async\" class=\"wp-image-6531 size-large\" src=\"http:\/\/carmencitafilmlab.com\/wp-content\/uploads\/VALENCIA-28-1024x687.jpg\" alt=\"par Andre Teixeira\" width=\"1024\" height=\"687\" srcset=\"https:\/\/carmencitafilmlab.com\/wp-content\/uploads\/VALENCIA-28-1024x687.jpg 1024w, https:\/\/carmencitafilmlab.com\/wp-content\/uploads\/VALENCIA-28-450x302.jpg 450w, https:\/\/carmencitafilmlab.com\/wp-content\/uploads\/VALENCIA-28-300x201.jpg 300w, https:\/\/carmencitafilmlab.com\/wp-content\/uploads\/VALENCIA-28.jpg 2000w\" sizes=\"auto, (max-width: 1024px) 100vw, 1024px\" \/><\/a> <em>par <a href=\"http:\/\/www.brancoprata.com\/\" target=\"_blank\" rel=\"noopener noreferrer\">Andre Teixeira<\/a><\/em><\/p>\n<p style=\"text-align: center;\">[\/one_half_last]<\/p>\n<p style=\"text-align: center;\">[bra_border_divider top=\u00a0\u00bb40&Prime; bottom=\u00a0\u00bb30&Prime;][bra_center_title title=\u00a0\u00bb\u00a0\u00bb subtitle=\u00a0\u00bbHasta Pronto!\u00a0\u00bb top_margin=\u00a0\u00bb0&Prime;]<\/p>\n<p style=\"text-align: center;\">Vous avez encore des questions ? Envoyez-nous un e-mail ! <\/p>\n<p style=\"text-align: center;\"><a href=\"mailto:meets@carmencitafilmlab.com?Subject=Porto!\" target=\"_top\" rel=\"noopener noreferrer\">meets@carmencitafilmlab.com<\/a><\/p>\n<p style=\"text-align: center;\">[bra_divider height=\u00a0\u00bb15&Prime;]<\/p>\n<p><a href=\"http:\/\/www.2brides.se\/\" target=\"_blank\" rel=\"noopener noreferrer\"><img loading=\"lazy\" decoding=\"async\" class=\"wp-image-6533 size-full\" src=\"http:\/\/carmencitafilmlab.com\/wp-content\/uploads\/IsabelleHesselberg-11.jpg\" alt=\"par Isabelle Hesselberg\" width=\"992\" height=\"355\" srcset=\"https:\/\/carmencitafilmlab.com\/wp-content\/uploads\/IsabelleHesselberg-11.jpg 992w, https:\/\/carmencitafilmlab.com\/wp-content\/uploads\/IsabelleHesselberg-11-450x161.jpg 450w, https:\/\/carmencitafilmlab.com\/wp-content\/uploads\/IsabelleHesselberg-11-300x107.jpg 300w\" sizes=\"auto, (max-width: 992px) 100vw, 992px\" \/><\/a> <em>par <a href=\"http:\/\/www.2brides.se\/\" target=\"_blank\" rel=\"noopener noreferrer\">Isabelle Hesselberg<\/a><\/em><\/p>\n<\/div>\n","protected":false},"excerpt":{"rendered":"<p>[bra_divider height=\u00a0\u00bb20&Prime;] D\u00e9couvrir Valence avec votre famille de la photographie argentique &#8211; 2017 &#8211; &nbsp; C\u2019est reparti ! Un \u00ab Carmencita meets \u00bb \u00e0 Valence, notre ville et notre si\u00e8ge. Apr\u00e8s avoir d\u00e9m\u00e9nag\u00e9 de L\u2019Alc\u00fadia \u00e0 la ville et g\u00e9r\u00e9 le travail consid\u00e9rable que nous avons eu la chance d\u2019avoir cet \u00e9t\u00e9, nous pensons qu\u2019il&#8230;<\/p>\n","protected":false},"author":4,"featured_media":0,"parent":77210,"menu_order":0,"comment_status":"closed","ping_status":"closed","template":"","meta":{"_monsterinsights_skip_tracking":false,"_monsterinsights_sitenote_active":false,"_monsterinsights_sitenote_note":"","_monsterinsights_sitenote_category":0,"_joinchat":[],"footnotes":""},"class_list":["post-77038","page","type-page","status-publish","hentry"],"_links":{"self":[{"href":"https:\/\/carmencitafilmlab.com\/fr\/wp-json\/wp\/v2\/pages\/77038","targetHints":{"allow":["GET"]}}],"collection":[{"href":"https:\/\/carmencitafilmlab.com\/fr\/wp-json\/wp\/v2\/pages"}],"about":[{"href":"https:\/\/carmencitafilmlab.com\/fr\/wp-json\/wp\/v2\/types\/page"}],"author":[{"embeddable":true,"href":"https:\/\/carmencitafilmlab.com\/fr\/wp-json\/wp\/v2\/users\/4"}],"replies":[{"embeddable":true,"href":"https:\/\/carmencitafilmlab.com\/fr\/wp-json\/wp\/v2\/comments?post=77038"}],"version-history":[{"count":1,"href":"https:\/\/carmencitafilmlab.com\/fr\/wp-json\/wp\/v2\/pages\/77038\/revisions"}],"predecessor-version":[{"id":77224,"href":"https:\/\/carmencitafilmlab.com\/fr\/wp-json\/wp\/v2\/pages\/77038\/revisions\/77224"}],"up":[{"embeddable":true,"href":"https:\/\/carmencitafilmlab.com\/fr\/wp-json\/wp\/v2\/pages\/77210"}],"wp:attachment":[{"href":"https:\/\/carmencitafilmlab.com\/fr\/wp-json\/wp\/v2\/media?parent=77038"}],"curies":[{"name":"wp","href":"https:\/\/api.w.org\/{rel}","templated":true}]}}