{"id":81332,"date":"2026-04-07T09:47:47","date_gmt":"2026-04-07T07:47:47","guid":{"rendered":"https:\/\/carmencitafilmlab.com\/workshops\/carmencita-meets-valencia-2017\/"},"modified":"2026-04-07T09:47:47","modified_gmt":"2026-04-07T07:47:47","slug":"carmencita-meets-valencia-2017","status":"publish","type":"page","link":"https:\/\/carmencitafilmlab.com\/de\/workshops\/carmencita-meets-valencia-2017\/","title":{"rendered":"Carmencita Meets Valencia 2017"},"content":{"rendered":"<p>[bra_divider height=&#8220;20&#8243;]<\/p>\n<p style=\"text-align: center;\"><img loading=\"lazy\" decoding=\"async\" src=\"http:\/\/carmencitafilmlab.com\/wp-content\/uploads\/jpg-150x150.\" alt=\"&amp;\" width=\"75\" height=\"75\"><\/p>\n<h1 style=\"text-align: center;\"><strong>Valencia entdecken<\/strong><\/h1>\n<h3 style=\"text-align: center;\">mit deiner Film-Familie<\/h3>\n<p style=\"text-align: center;\"><em>&#8211; 2017 &#8211;<\/em><\/p>\n<p>&nbsp;<\/p>\n<div>\n<p style=\"text-align: center;\">Es ist wieder so weit! Ein \u201e<em>Carmencita meets<\/em>\u201c in Valencia, unserer Heimat und unserem Hauptsitz. Nach dem Umzug von L&#8217;Alc\u00fadia in die Stadt und der Bew\u00e4ltigung der \u00fcberw\u00e4ltigenden Arbeit, die wir diesen Sommer gl\u00fccklicherweise hatten, finden wir, dass es an der Zeit ist, ein \u201e<em>Meets<\/em>\u201c in dieser kleinen Ecke am Mittelmeer zu veranstalten. Das <em>Meets<\/em> ist etwas anderes; stell es dir eher als ein Treffen von Fotografen vor, die gerne Erfahrungen teilen und gemeinsam wachsen wollen, anstatt nur Meistertricks zu lernen. #<em>thisisnotaworkshop<\/em>   <\/p>\n<p style=\"text-align: center;\">Nur durch <strong>Teilen<\/strong> ist es m\u00f6glich, die europ\u00e4ische Filmfotografie voranzubringen \u2013 au\u00dferdem k\u00f6nnen wir es kaum erwarten, dir die kleinen Wunder unserer Stadt zu zeigen!<\/p>\n<p style=\"text-align: center;\">[bra_divider height=&#8220;20&#8243;]<\/p>\n<p><a href=\"http:\/\/hankearkenbout.com\/\" target=\"_blank\" rel=\"noopener noreferrer\"><img loading=\"lazy\" decoding=\"async\" class=\"wp-image-6514 size-full aligncenter\" src=\"http:\/\/carmencitafilmlab.com\/wp-content\/uploads\/travel_valencia_madrid_photography_film_hanke_arkenbout-028.jpg\" alt=\"von Hanke Arkenbout\" width=\"640\" height=\"378\" srcset=\"https:\/\/carmencitafilmlab.com\/wp-content\/uploads\/travel_valencia_madrid_photography_film_hanke_arkenbout-028.jpg 640w, https:\/\/carmencitafilmlab.com\/wp-content\/uploads\/travel_valencia_madrid_photography_film_hanke_arkenbout-028-450x266.jpg 450w, https:\/\/carmencitafilmlab.com\/wp-content\/uploads\/travel_valencia_madrid_photography_film_hanke_arkenbout-028-300x177.jpg 300w\" sizes=\"auto, (max-width: 640px) 100vw, 640px\" \/><\/a><em>  von <a href=\"http:\/\/hankearkenbout.com\/\" target=\"_blank\" rel=\"noopener noreferrer\">Hanke Arkenbout<\/a><\/em><\/p>\n<p style=\"text-align: center;\">[bra_border_divider top=&#8220;25&#8243; bottom=&#8220;0&#8243;][bra_center_title title=&#8220;Der Plan&#8220; subtitle=&#8220;&#8220; top_margin=&#8220;30&#8243;]<\/p>\n<p style=\"text-align: center;\">[one_half]<\/p>\n<h3 style=\"text-align: center;\"><span style=\"font-size: 1.17em; line-height: 1.5em;\">Erlebe die Stadt wie ein Einheimischer<\/span><\/h3>\n<p>[bra_divider height=&#8220;5&#8243;]<\/p>\n<p style=\"text-align: justify;\">Wie das Labor sind die meisten von uns hier geboren und aufgewachsen \u2013 es ist keine gro\u00dfe Stadt und wir lieben sie. Wir kennen ihre Tipps und Tricks auswendig, die besten Spots und die Geschichten dahinter. Eines der besten Dinge: So gut wie immer, wenn du kommst, ist Sonne zu 100 % garantiert. Wir hoffen, dass du dich als Teil der Stadt f\u00fchlst, wenn es Zeit ist, Auf Wiedersehen zu sagen.   <\/p>\n<p style=\"text-align: justify;\">Wir werden uns nicht an einem Ort versammeln, denn es gibt <strong>mehrere Orte<\/strong>, die wir dir zeigen m\u00fcssen, wenn du es hierher schaffst. Wir werden uns durch die Stadt bewegen, als w\u00e4re es selbstverst\u00e4ndlich. In Valencia ist so gut wie alles zu Fu\u00df erreichbar, voller enger Gassen, unm\u00f6glicher Ecken, Geb\u00e4ude aus dem 14. Jahrhundert und alles umgeben von den lebendigen Farben unserer Folklore.  <\/p>\n<p style=\"text-align: justify;\">Und nicht nur die Stadt \u2013 wir bringen dich auch zu den Naturwundern, die uns umgeben!<\/p>\n<p style=\"text-align: justify;\">[bra_divider height=&#8220;5&#8243;]<\/p>\n<p><a href=\"http:\/\/hankearkenbout.com\/\"><img loading=\"lazy\" decoding=\"async\" class=\"wp-image-6517 size-full aligncenter\" src=\"http:\/\/carmencitafilmlab.com\/wp-content\/uploads\/travel_valencia_madrid_photography_film_hanke_arkenbout-036-e1452876719800.jpg\" alt=\"von Hanke Arkenbout\" width=\"380\" height=\"380\" srcset=\"https:\/\/carmencitafilmlab.com\/wp-content\/uploads\/travel_valencia_madrid_photography_film_hanke_arkenbout-036-e1452876719800.jpg 380w, https:\/\/carmencitafilmlab.com\/wp-content\/uploads\/travel_valencia_madrid_photography_film_hanke_arkenbout-036-e1452876719800-100x100.jpg 100w, https:\/\/carmencitafilmlab.com\/wp-content\/uploads\/travel_valencia_madrid_photography_film_hanke_arkenbout-036-e1452876719800-150x150.jpg 150w, https:\/\/carmencitafilmlab.com\/wp-content\/uploads\/travel_valencia_madrid_photography_film_hanke_arkenbout-036-e1452876719800-300x300.jpg 300w, https:\/\/carmencitafilmlab.com\/wp-content\/uploads\/travel_valencia_madrid_photography_film_hanke_arkenbout-036-e1452876719800-270x270.jpg 270w\" sizes=\"auto, (max-width: 380px) 100vw, 380px\" \/><\/a><em>            <\/em><em>von <a href=\"http:\/\/hankearkenbout.com\/\" target=\"_blank\" rel=\"noopener noreferrer\">Hanke Arkenbout<\/a><\/em><\/p>\n<p style=\"text-align: justify;\">[\/one_half] [one_half_last]<\/p>\n<h3 style=\"text-align: center;\"><span style=\"font-size: 1.17em; line-height: 1.5em;\">Gemeinsam lernen<\/span><\/h3>\n<p>[bra_divider height=&#8220;3&#8243;]<\/p>\n<p style=\"text-align: justify;\">Ein gro\u00dfer Teil des Lernens und Wachsens als Profi beruht auf <strong>Teilen<\/strong> \u2013 zumindest glauben wir das fest. Wir lieben Workshops daf\u00fcr, aber so sehr wir das Wissen lieben, lieben wir auch das Gef\u00fchl, mit einem Haufen neuer Freunde nach Hause zu kommen, die dieselbe verr\u00fcckte <strong>Leidenschaft f\u00fcr Filmfotografie<\/strong> teilen wie wir, und die Tatsache, dass wir die Chance hatten, bei langen Mittagessen, warmen Abendessen und k\u00fchlen Abenddrinks \u00fcber unsere Leidenschaften zu sprechen. <\/p>\n<p style=\"text-align: justify;\">Und genau das wollen wir tun! Anstatt dir zu sagen, wie du fotografieren sollst, w\u00fcrden wir gerne Erfahrungen austauschen und teilen, was wir wissen und wie wir arbeiten, w\u00e4hrend wir von den Wundern Valencias umgeben sind. Fotografen zu <strong>verbinden<\/strong> ist etwas, das in der DNA von Carmencita geschrieben steht, und wir k\u00f6nnen nicht genug davon bekommen. <\/p>\n<p style=\"text-align: justify;\">[bra_divider height=&#8220;16&#8243;]<\/p>\n<h3><\/h3>\n<p><a href=\"http:\/\/www.wesleynulens.be\/blog\/\" target=\"_blank\" rel=\"noopener noreferrer\"><img loading=\"lazy\" decoding=\"async\" class=\"wp-image-6520 size-full aligncenter\" src=\"http:\/\/carmencitafilmlab.com\/wp-content\/uploads\/150424-VLC076-e1452877361904.jpg\" alt=\"von Wesley Nulens\" width=\"380\" height=\"380\" srcset=\"https:\/\/carmencitafilmlab.com\/wp-content\/uploads\/150424-VLC076-e1452877361904.jpg 380w, https:\/\/carmencitafilmlab.com\/wp-content\/uploads\/150424-VLC076-e1452877361904-100x100.jpg 100w, https:\/\/carmencitafilmlab.com\/wp-content\/uploads\/150424-VLC076-e1452877361904-150x150.jpg 150w, https:\/\/carmencitafilmlab.com\/wp-content\/uploads\/150424-VLC076-e1452877361904-300x300.jpg 300w, https:\/\/carmencitafilmlab.com\/wp-content\/uploads\/150424-VLC076-e1452877361904-270x270.jpg 270w\" sizes=\"auto, (max-width: 380px) 100vw, 380px\" \/><\/a><em>  von <a href=\"http:\/\/www.wesleynulens.be\/blog\/\" target=\"_blank\" rel=\"noopener noreferrer\">Wesley Nulens<\/a><\/em><\/p>\n<p style=\"text-align: justify;\">[\/one_half_last]<\/p>\n<p style=\"text-align: center;\">[bra_border_divider top=&#8220;40&#8243; bottom=&#8220;0&#8243;][bra_center_title title=&#8220;Und wundersch\u00f6n gestylt&#8220; subtitle=&#8220;&#8220; top_margin=&#8220;30&#8243;]<\/p>\n<p style=\"text-align: center;\">Vielleicht kennst du bereits die Arbeit unserer portugiesischen Freunde (<a href=\"http:\/\/carmencitafilmlab.com\/2014\/02\/branco-prata\/\" target=\"_blank\" rel=\"noopener noreferrer\">schau sie dir an!<\/a>), aber BrancoPrata ist mehr als nur Fotografie. Ein gro\u00dfer Teil davon beruht auf Styling und Floraldesign, und wir finden, es ist eine fantastische Gelegenheit zu sehen, wie sie arbeiten und diese F\u00e4higkeiten mit Fotografie kombinieren. <\/p>\n<p style=\"text-align: center;\">Als Fotografen kann es schwierig sein, all die harte Arbeit hinter dem <strong>Styling &amp; der Dekoration<\/strong> zu sehen. Wir wollen diese Chance nutzen, damit du Sofia kennenlernst, die Superfrau hinter BrancoPrata, und ihr alles fragen kannst, was du zum Thema Styling wissen m\u00f6chtest, um das Beste aus jedem Shooting herauszuholen. Sie werden mit uns abh\u00e4ngen und Schritt f\u00fcr Schritt ihren kreativen Prozess erkl\u00e4ren, um dir zu helfen, mit Stylisten zu arbeiten oder wenn du selbst etwas planst.  <\/p>\n<p style=\"text-align: center;\">Dieses Mal wird es keine organisierten Styled Shoots geben; wir wollen uns eher Gespr\u00e4chen \u00fcber Kreativit\u00e4t, Stil, das Warum hinter Film, wie du dich selbst vermarktest, den Aufbau einer Community und so weiter widmen. Au\u00dferdem machen wir kleine Ausfl\u00fcge und haben eher \u201ekleine spontane Shootings\u201c : ) <\/p>\n<p style=\"text-align: center;\">[bra_divider height=&#8220;20&#8243;]<\/p>\n<\/div>\n<p style=\"text-align: center;\"><a href=\"http:\/\/www.brancoprata.com\/\"><img loading=\"lazy\" decoding=\"async\" class=\"aligncenter wp-image-6526 size-medium\" src=\"http:\/\/carmencitafilmlab.com\/wp-content\/uploads\/BrancoPrataFloral-300x300.jpg\" alt=\"BrancoPrataFloral\" width=\"300\" height=\"300\" srcset=\"https:\/\/carmencitafilmlab.com\/wp-content\/uploads\/BrancoPrataFloral-300x300.jpg 300w, https:\/\/carmencitafilmlab.com\/wp-content\/uploads\/BrancoPrataFloral-450x450.jpg 450w, https:\/\/carmencitafilmlab.com\/wp-content\/uploads\/BrancoPrataFloral-100x100.jpg 100w, https:\/\/carmencitafilmlab.com\/wp-content\/uploads\/BrancoPrataFloral-150x150.jpg 150w, https:\/\/carmencitafilmlab.com\/wp-content\/uploads\/BrancoPrataFloral-270x270.jpg 270w, https:\/\/carmencitafilmlab.com\/wp-content\/uploads\/BrancoPrataFloral.jpg 505w\" sizes=\"auto, (max-width: 300px) 100vw, 300px\" \/><\/a><\/p>\n<div>\n<p style=\"text-align: center;\">[bra_border_divider top=&#8220;30&#8243; bottom=&#8220;10&#8243;]<\/p>\n<\/div>\n<div>\n<p style=\"text-align: center;\">[bra_divider height=&#8220;20&#8243;][one_half]<\/p>\n<h3 style=\"text-align: center;\"><span style=\"font-size: 1.17em; line-height: 1.5em;\">Das Konzept \u201eWorkshop\u201c neu interpretieren<\/span><\/h3>\n<p style=\"text-align: justify;\">[bra_divider height=&#8220;10&#8243;]<\/p>\n<p style=\"text-align: justify;\"><span style=\"line-height: 1.5em;\">Die Tipps und Tricks gro\u00dfer Fotografennamen zu lernen, ist zwar eine wirklich gute Art zu lernen, aber wir haben einen <strong>enormen Anstieg<\/strong> der Filmfotografie in Europa gesehen und sind begeistert zu sehen, wie jeder einen Punkt erreicht, an dem das Belichten keine Herausforderung mehr ist.<\/span><\/p>\n<p style=\"text-align: justify;\"><span style=\"line-height: 1.5em;\">Wenn wir sehen, wie sich die Community entwickelt, haben wir das Gef\u00fchl, dass es an einer Veranstaltung mangelt, bei der du lernen kannst, wie du dein Gesch\u00e4ft weiterentwickelst, wie du deine Art von Kunden ansprichst oder sogar wie du die Jobs buchst, die du liebst, und dich selbst vermarktest \u2013 w\u00e4hrend du eine entspannte Atmosph\u00e4re genie\u00dfen kannst und <strong>aktiv teilnehmen kannst<\/strong>, indem du deine pers\u00f6nlichen Erfahrungen einbringst und deine Anliegen mit anderen teilst.<\/span><\/p>\n<p style=\"text-align: justify;\">Vieles hat sich ge\u00e4ndert, seit wir 2013 er\u00f6ffnet haben, und wir glauben, dass Workshops auch etwas sind, das aktualisiert werden sollte!<\/p>\n<p style=\"text-align: center;\">[\/one_half] [one_half_last]<\/p>\n<h3 style=\"text-align: center;\"><span style=\"font-size: 1.17em; line-height: 1.5em;\">Du bist auch ein Sprecher<\/span><\/h3>\n<p>[bra_divider height=&#8220;10&#8243;]<\/p>\n<p style=\"text-align: justify;\">Hier glauben wir, dass etwas <strong>anders gemacht werden kann<\/strong> \u2013 gem\u00fctlicher als Konferenzen und ohne die Hierarchie eines klassischen Workshops. Deshalb wollen wir uns mit dir <strong>treffen<\/strong>! <\/p>\n<p style=\"text-align: justify;\"><span style=\"line-height: 1.5em;\">Wir wollen deine Stimme h\u00f6ren und eine <\/span>Umgebung schaffen<span style=\"line-height: 1.5em;\"> , in der wir alle unsere Gedanken teilen und die einzige dumme Frage die ist, die nicht gestellt wird. Wir werden die <i>Vortr\u00e4ge<\/i> durch <em>Gespr\u00e4chsrunden<\/em> ersetzen. Und ja, <em>Runden<\/em> mit \u201as&#8216;, denn es gibt so viele Dinge zu besprechen, und denk daran, die Stadt ist unser Spielplatz \u2013 das erm\u00f6glicht es uns, uns in der Stadt zu bewegen und die besten Orte zum Zusammenkommen, Diskutieren und Lernen zu finden. <\/span><\/p>\n<p style=\"text-align: justify;\"><span style=\"line-height: 1.5em;\">In Valencia ist alles fu\u00dfl\u00e4ufig erreichbar&#8230; und wir wissen: Wenn man normalerweise 10 Minuten braucht, um irgendwohin zu kommen, dauert es mit Fotografen 30 Minuten \u2013 zwischen \u201eOh warte, bleib mal kurz da stehen!\u201c und \u201eMann, ich muss dein Portr\u00e4t in diesem Licht machen!\u201c.<\/span><\/p>\n<p style=\"text-align: justify;\">[\/one_half_last]<\/p>\n<p style=\"text-align: justify;\">[bra_divider height=&#8220;10&#8243;]<\/p>\n<p><img loading=\"lazy\" decoding=\"async\" class=\"wp-image-6525 size-full\" src=\"http:\/\/carmencitafilmlab.com\/wp-content\/uploads\/Banner-Meets-Valencia.jpg\" alt=\"von Andre Teixeira\" width=\"3459\" height=\"1120\" srcset=\"https:\/\/carmencitafilmlab.com\/wp-content\/uploads\/Banner-Meets-Valencia.jpg 3459w, https:\/\/carmencitafilmlab.com\/wp-content\/uploads\/Banner-Meets-Valencia-450x146.jpg 450w, https:\/\/carmencitafilmlab.com\/wp-content\/uploads\/Banner-Meets-Valencia-300x97.jpg 300w, https:\/\/carmencitafilmlab.com\/wp-content\/uploads\/Banner-Meets-Valencia-1024x332.jpg 1024w\" sizes=\"auto, (max-width: 3459px) 100vw, 3459px\" \/> <em>von <a href=\"http:\/\/www.brancoprata.com\/\" target=\"_blank\" rel=\"noopener noreferrer\">Andre Teixeira<\/a><\/em><\/p>\n<p>[bra_border_divider top=&#8220;30&#8243; bottom=&#8220;0&#8243;] [bra_center_title title=&#8220;26., 27., 28. &amp; 29. APR.&#8220; subtitle=&#8220;Knowing all the details&#8220; top_margin=&#8220;30&#8243;]<\/p>\n<p>[one_fourth]<\/p>\n<h3>Was ist enthalten?<\/h3>\n<div>\n<ul>\n<li>Unterkunft f\u00fcr 5 N\u00e4chte<\/li>\n<li>Mittag- &amp; Abendessen<\/li>\n<li>Gespr\u00e4chsrunden mit offenen Themen zur Fotografie<\/li>\n<li>Stadtf\u00fchrung durch das Carmencita-Team<\/li>\n<li>Gef\u00fchrte Labortour<\/li>\n<li>Entwickeln &amp; Scannen deines eigenen Films<\/li>\n<li>Echter Paella-Workshop<\/li>\n<li>Carmencita-Jubil\u00e4umsparty<\/li>\n<\/ul>\n<\/div>\n<h3><span style=\"font-size: 14px; line-height: 1.5em;\">[\/one_fourth] [one_fourth]<\/span><\/h3>\n<h3>Tag 1<\/h3>\n<div>\n<ul>\n<li>Vorstellung<\/li>\n<li>Warum Film?<\/li>\n<li>Pers\u00f6nliche Arbeit<\/li>\n<li>Spaziergang durch die Altstadt<\/li>\n<li>Umgang mit echten Kunden<\/li>\n<li>Abendessen &amp; Drinks in der Altstadt<\/li>\n<\/ul>\n<\/div>\n<h3><span style=\"font-size: 14px; line-height: 1.5em;\">[\/one_fourth] [one_fourth]<\/span><\/h3>\n<div>\n<h3>Tag 2<\/h3>\n<div>\n<ul>\n<li>Ausflug nach L&#8217;Albufera<\/li>\n<li>Diskussionsrunde in einer \u201eBarraca\u201c<\/li>\n<li>Die Bedeutung von Teamwork vor &amp; w\u00e4hrend des Shootings<\/li>\n<li>Traditionelles Paella-Mittagessen<\/li>\n<li>Gespr\u00e4chsrunde \u00fcber den Stil in der Filmfotografie<\/li>\n<li>Bootsfahrt auf dem Albufera-See<\/li>\n<li>Tapas-Abendessen<\/li>\n<\/ul>\n<\/div>\n<\/div>\n<p>[\/one_fourth] [one_fourth_last]<\/p>\n<div>\n<h3>Tag 3<\/h3>\n<\/div>\n<div>\n<ul>\n<li>Labortour<\/li>\n<li>Entwickle &amp; scanne deinen eigenen Film<\/li>\n<li>Der Mythos hinter den Laboren<\/li>\n<li>100 % Film? Ist das echt? <\/li>\n<li>Preisgestaltung in Europa<\/li>\n<li>Wie du Menschen erreichst, Verbindungen kn\u00fcpfst<\/li>\n<li><span style=\"line-height: 1.5em;\">Durch die Stadt fotografieren, experimentieren<\/span><\/li>\n<li><em>Bis bald<\/em>-Abendessen<\/li>\n<\/ul>\n<\/div>\n<h3><span style=\"font-size: 14px; line-height: 1.5em;\">[\/one_fourth_last]<\/span><\/h3>\n<p>[bra_divider height=&#8220;20&#8243;]<\/p>\n<p><img loading=\"lazy\" decoding=\"async\" class=\"wp-image-6532 size-large\" src=\"http:\/\/carmencitafilmlab.com\/wp-content\/uploads\/Valencia-4COMP-1024x368.jpg\" alt=\"Hanke Arkenbout \/ Isabelle Hesselberg\" width=\"1024\" height=\"368\" srcset=\"https:\/\/carmencitafilmlab.com\/wp-content\/uploads\/Valencia-4COMP-1024x368.jpg 1024w, https:\/\/carmencitafilmlab.com\/wp-content\/uploads\/Valencia-4COMP-450x162.jpg 450w, https:\/\/carmencitafilmlab.com\/wp-content\/uploads\/Valencia-4COMP-300x108.jpg 300w, https:\/\/carmencitafilmlab.com\/wp-content\/uploads\/Valencia-4COMP.jpg 1280w\" sizes=\"auto, (max-width: 1024px) 100vw, 1024px\" \/><em>von <a href=\"http:\/\/hankearkenbout.com\/\" target=\"_blank\" rel=\"noopener noreferrer\">Hanke Arkenbout<\/a> \/ <a href=\"http:\/\/www.2brides.se\/\" target=\"_blank\" rel=\"noopener noreferrer\">Isabelle Hesselberg<\/a><\/em><\/p>\n<p>[bra_border_divider top=&#8220;5&#8243; bottom=&#8220;0&#8243;] [bra_center_title title=&#8220;Buchung&#8220; subtitle=&#8220;&#8220; top_margin=&#8220;30&#8243;]<\/p>\n<p style=\"text-align: center;\">[one_third]<\/p>\n<h3 style=\"text-align: center;\">Sichere dir deinen Platz!<\/h3>\n<p>[bra_divider height=&#8220;15&#8243;]<\/p>\n<p style=\"text-align: center;\">Du willst kommen? Ganz einfach! <\/p>\n<p style=\"text-align: center;\">Kaufe das Platzreservierungsprodukt in unserem Shop<\/p>\n<p style=\"text-align: center;\"><a href=\"https:\/\/carmencitafilmlab.com\/product\/carmencita-meets-vlc-2017-save-spot\/\">HIER<\/a><\/p>\n<p style=\"text-align: center;\">Denk daran, es gibt nur <strong>14 Pl\u00e4tze<\/strong>! [\/one_third] [one_third]<\/p>\n<h3 style=\"text-align: center;\">Preis<\/h3>\n<p>[bra_divider height=&#8220;15&#8243;]<\/p>\n<h6 style=\"text-align: center;\"><em>\u2013 700 \u20ac \u2013<\/em><\/h6>\n<p style=\"text-align: center;\"><em>(Steuern nicht enthalten*)<\/em><\/p>\n<p style=\"text-align: center;\">[\/one_third] [one_third_last]<\/p>\n<h3 style=\"text-align: center;\">Zahlung<\/h3>\n<p>[bra_divider height=&#8220;15&#8243;]<\/p>\n<p style=\"text-align: justify;\">Eine Anzahlung von 200 \u20ac ist erforderlich, um deine Reservierung zu best\u00e4tigen. Der Restbetrag ist einen Monat vor Beginn des Workshops f\u00e4llig. Zahlungen erfolgen \u00fcber den Online-Shop.  <\/p>\n<p style=\"text-align: justify;\">Sobald das erledigt ist, erh\u00e4ltst du eine Best\u00e4tigungs-E-Mail und der Platz geh\u00f6rt dir!<\/p>\n<p style=\"text-align: center;\">[\/one_third_last]<\/p>\n<p style=\"text-align: center;\">[bra_divider height=&#8220;40&#8243;]<\/p>\n<p style=\"text-align: left;\"><em>*21 % MwSt. aus spanischen Steuern m\u00fcssen hinzugef\u00fcgt werden. Wenn du innerhalb der EU lebst und eine Umsatzsteuer-Identifikationsnummer hast, sende sie uns bitte zu und du bist von spanischen Steuern befreit. Wenn du au\u00dferhalb der EU lebst, werden keine Steuern erhoben. <\/em><\/p>\n<p style=\"text-align: center;\">[bra_border_divider top=&#8220;20&#8243; bottom=&#8220;0&#8243;][bra_center_title title=&#8220;Transparenz&#8220; subtitle=&#8220;Meant to learn not to earn&#8220; top_margin=&#8220;30&#8243;]<\/p>\n<p style=\"text-align: center;\">[one_half]<\/p>\n<p style=\"text-align: center;\">[bra_divider height=&#8220;10&#8243;]<\/p>\n<p><a href=\"http:\/\/www.wesleynulens.be\/blog\/\" target=\"_blank\" rel=\"noopener noreferrer\"><img loading=\"lazy\" decoding=\"async\" class=\"wp-image-6530 size-large\" src=\"http:\/\/carmencitafilmlab.com\/wp-content\/uploads\/150424-VLC060-1024x761.jpg\" alt=\"von Wesley Nulens\" width=\"1024\" height=\"761\" srcset=\"https:\/\/carmencitafilmlab.com\/wp-content\/uploads\/150424-VLC060-1024x761.jpg 1024w, https:\/\/carmencitafilmlab.com\/wp-content\/uploads\/150424-VLC060-450x335.jpg 450w, https:\/\/carmencitafilmlab.com\/wp-content\/uploads\/150424-VLC060-300x223.jpg 300w, https:\/\/carmencitafilmlab.com\/wp-content\/uploads\/150424-VLC060.jpg 2000w\" sizes=\"auto, (max-width: 1024px) 100vw, 1024px\" \/><\/a> <em>von <a href=\"http:\/\/www.wesleynulens.be\/blog\/\" target=\"_blank\" rel=\"noopener noreferrer\">Wesley Nulens<\/a><\/em><\/p>\n<p style=\"text-align: center;\">[\/one_half] [one_half_last]<\/p>\n<p style=\"text-align: center;\">[bra_divider height=&#8220;10&#8243;]<\/p>\n<h3 style=\"text-align: center;\">Kenne die Kosten<\/h3>\n<p>[bra_divider height=&#8220;10&#8243;]<\/p>\n<p style=\"text-align: justify;\">Seit wir dieses Abenteuer begonnen haben, war eines glasklar f\u00fcr uns: Wir sind hier, weil wir <strong>Fotografen helfen wollen, auf Film zu fotografieren<\/strong>, ohne dabei draufzugehen. Zuerst war es Scannen und Entwickeln, dann ging es etwas weiter mit unserem kleinen Filmshop und etablierte sich mit der Wissensvermittlung durch Workshops. <\/p>\n<p style=\"text-align: justify;\">Wir k\u00f6nnten nicht gl\u00fccklicher \u00fcber all die Erfahrungen sein, die wir gemacht haben, aber aus dem, was wir gesehen haben, scheint es heutzutage so, als h\u00e4tten wir ein Szenario voller Workshops \u2013 und das ist gro\u00dfartig &#8230; wenn du das Gef\u00fchl hast, dass du bekommst, was dein Geld <strong>wert<\/strong> ist.<\/p>\n<p style=\"text-align: justify;\">[bra_divider height=&#8220;20&#8243;]<\/p>\n<p style=\"text-align: justify;\">Deshalb werden wir unsere B\u00fccher f\u00fcr diejenigen \u00f6ffnen, die wissen m\u00f6chten, wohin das gesamte Budget flie\u00dft. Wenn du Fragen hast, beantworten wir sie gerne! Und wenn am Ende des Workshops ein zus\u00e4tzlicher Gewinn \u00fcbrig bleibt, entscheiden wir gemeinsam, was wir damit machen \u2013 Drinks, Film, Carmencita-Gutscheine &#8230; du entscheidest! Verstehe auch, dass die Organisationszeit in Stunden an die jeweiligen beteiligten Personen bezahlt wird.   <\/p>\n<p style=\"text-align: justify;\">Dies ist kein regul\u00e4rer Workshop und soll auch keiner sein. Wir glauben fest daran, dass Dinge anders und besser gemacht werden k\u00f6nnen! <\/p>\n<p style=\"text-align: center;\">[\/one_half_last]<\/p>\n<p style=\"text-align: center;\">[bra_border_divider top=&#8220;15&#8243; bottom=&#8220;0&#8243;][bra_center_title title=&#8220;Gro\u00dfes Finale&#8220; subtitle=&#8220;Carmencita Opening Party (again)&#8220; top_margin=&#8220;30&#8243;]<\/p>\n<p style=\"text-align: center;\">[one_half]<\/p>\n<p style=\"text-align: justify;\">[bra_divider height=&#8220;0&#8243;]<\/p>\n<h3 style=\"text-align: center;\">Alle sind eingeladen!<\/h3>\n<p style=\"text-align: justify;\">Wie du vielleicht schon wei\u00dft, ist Carmencita 4 Jahre alt, aber wir haben bei der urspr\u00fcnglichen Er\u00f6ffnung nie eine Er\u00f6ffnungsparty gefeiert (aus unerkl\u00e4rlichen Gr\u00fcnden). Als wir also in die Stadt gezogen sind, sagten wir uns: \u201eJetzt ist es so weit!\u201c. Es wurde besser, als wir es uns je h\u00e4tten tr\u00e4umen lassen: 15 Leute aus ganz Europa flogen f\u00fcr dieses Wochenende ein und mischten sich unter die <strong>200 Leute<\/strong> aus Valencia, um die neuen R\u00e4umlichkeiten des Labors zu entdecken und den Film zu feiern (und nat\u00fcrlich das Freibier). <\/p>\n<p style=\"text-align: justify;\">Wir sind uns nicht sicher, ob man den Jahrestag einer Party wirklich feiern kann, aber wir haben es trotzdem vor =) Wir k\u00f6nnten uns keinen besseren Abschluss f\u00fcr ein <em>\u201eCarmencita meets\u201c<\/em> vorstellen als eine riesige Party, um unser zweites Jahr in der Stadt zu feiern.<\/p>\n<p style=\"text-align: justify;\">[bra_divider height=&#8220;15&#8243;]<\/p>\n<p style=\"text-align: justify;\"><strong>Deine Unterkunft ist bis Sonntag gebucht<\/strong>. Auch wenn es tags\u00fcber keine organisierten Aktivit\u00e4ten geben wird, z\u00e4hlen wir auf dich bei der Party am Samstagabend! Das \u201eJubil\u00e4um der Er\u00f6ffnungsparty\u201c findet am <b>29. April<\/b> statt und weitere Details werden sehr bald auf <a href=\"https:\/\/www.facebook.com\/Carmencita-Film-Lab-517352528299441\/\" target=\"_blank\" rel=\"noopener noreferrer\">Facebook<\/a> ver\u00f6ffentlicht! <\/p>\n<p style=\"text-align: justify;\">[\/one_half] [one_half_last]<\/p>\n<p><a href=\"http:\/\/www.brancoprata.com\/\" target=\"_blank\" rel=\"noopener noreferrer\"><img loading=\"lazy\" decoding=\"async\" class=\"wp-image-6531 size-large\" src=\"http:\/\/carmencitafilmlab.com\/wp-content\/uploads\/VALENCIA-28-1024x687.jpg\" alt=\"von Andre Teixeira\" width=\"1024\" height=\"687\" srcset=\"https:\/\/carmencitafilmlab.com\/wp-content\/uploads\/VALENCIA-28-1024x687.jpg 1024w, https:\/\/carmencitafilmlab.com\/wp-content\/uploads\/VALENCIA-28-450x302.jpg 450w, https:\/\/carmencitafilmlab.com\/wp-content\/uploads\/VALENCIA-28-300x201.jpg 300w, https:\/\/carmencitafilmlab.com\/wp-content\/uploads\/VALENCIA-28.jpg 2000w\" sizes=\"auto, (max-width: 1024px) 100vw, 1024px\" \/><\/a> <em>von <a href=\"http:\/\/www.brancoprata.com\/\" target=\"_blank\" rel=\"noopener noreferrer\">Andre Teixeira<\/a><\/em><\/p>\n<p style=\"text-align: center;\">[\/one_half_last]<\/p>\n<p style=\"text-align: center;\">[bra_border_divider top=&#8220;40&#8243; bottom=&#8220;30&#8243;][bra_center_title title=&#8220;&#8220; subtitle=&#8220;Hasta Pronto!&#8220; top_margin=&#8220;0&#8243;]<\/p>\n<p style=\"text-align: center;\">Hast du noch Fragen? Schreib uns eine E-Mail! <\/p>\n<p style=\"text-align: center;\"><a href=\"mailto:meets@carmencitafilmlab.com?Subject=Porto!\" target=\"_top\" rel=\"noopener noreferrer\">meets@carmencitafilmlab.com<\/a><\/p>\n<p style=\"text-align: center;\">[bra_divider height=&#8220;15&#8243;]<\/p>\n<p><a href=\"http:\/\/www.2brides.se\/\" target=\"_blank\" rel=\"noopener noreferrer\"><img loading=\"lazy\" decoding=\"async\" class=\"wp-image-6533 size-full\" src=\"http:\/\/carmencitafilmlab.com\/wp-content\/uploads\/IsabelleHesselberg-11.jpg\" alt=\"von Isabelle Hesselberg\" width=\"992\" height=\"355\" srcset=\"https:\/\/carmencitafilmlab.com\/wp-content\/uploads\/IsabelleHesselberg-11.jpg 992w, https:\/\/carmencitafilmlab.com\/wp-content\/uploads\/IsabelleHesselberg-11-450x161.jpg 450w, https:\/\/carmencitafilmlab.com\/wp-content\/uploads\/IsabelleHesselberg-11-300x107.jpg 300w\" sizes=\"auto, (max-width: 992px) 100vw, 992px\" \/><\/a> <em>von <a href=\"http:\/\/www.2brides.se\/\" target=\"_blank\" rel=\"noopener noreferrer\">Isabelle Hesselberg<\/a><\/em><\/p>\n<\/div>\n","protected":false},"excerpt":{"rendered":"<p>[bra_divider height=&#8220;20&#8243;] Valencia entdecken mit deiner Film-Familie &#8211; 2017 &#8211; &nbsp; Es ist wieder so weit! Ein \u201eCarmencita meets\u201c in Valencia, unserer Heimat und unserem Hauptsitz. Nach dem Umzug von L&#8217;Alc\u00fadia in die Stadt und der Bew\u00e4ltigung der \u00fcberw\u00e4ltigenden Arbeit, die wir diesen Sommer gl\u00fccklicherweise hatten, finden wir, dass es an der Zeit ist, ein&#8230;<\/p>\n","protected":false},"author":4,"featured_media":0,"parent":79179,"menu_order":0,"comment_status":"closed","ping_status":"closed","template":"","meta":{"_monsterinsights_skip_tracking":false,"_monsterinsights_sitenote_active":false,"_monsterinsights_sitenote_note":"","_monsterinsights_sitenote_category":0,"_joinchat":[],"footnotes":""},"class_list":["post-81332","page","type-page","status-publish","hentry"],"_links":{"self":[{"href":"https:\/\/carmencitafilmlab.com\/de\/wp-json\/wp\/v2\/pages\/81332","targetHints":{"allow":["GET"]}}],"collection":[{"href":"https:\/\/carmencitafilmlab.com\/de\/wp-json\/wp\/v2\/pages"}],"about":[{"href":"https:\/\/carmencitafilmlab.com\/de\/wp-json\/wp\/v2\/types\/page"}],"author":[{"embeddable":true,"href":"https:\/\/carmencitafilmlab.com\/de\/wp-json\/wp\/v2\/users\/4"}],"replies":[{"embeddable":true,"href":"https:\/\/carmencitafilmlab.com\/de\/wp-json\/wp\/v2\/comments?post=81332"}],"version-history":[{"count":0,"href":"https:\/\/carmencitafilmlab.com\/de\/wp-json\/wp\/v2\/pages\/81332\/revisions"}],"up":[{"embeddable":true,"href":"https:\/\/carmencitafilmlab.com\/de\/wp-json\/wp\/v2\/pages\/79179"}],"wp:attachment":[{"href":"https:\/\/carmencitafilmlab.com\/de\/wp-json\/wp\/v2\/media?parent=81332"}],"curies":[{"name":"wp","href":"https:\/\/api.w.org\/{rel}","templated":true}]}}