{"id":81334,"date":"2026-04-07T09:47:48","date_gmt":"2026-04-07T07:47:48","guid":{"rendered":"https:\/\/carmencitafilmlab.com\/tallers\/carmencita-meets-valencia-2017\/"},"modified":"2026-04-07T09:47:48","modified_gmt":"2026-04-07T07:47:48","slug":"carmencita-meets-valencia-2017","status":"publish","type":"page","link":"https:\/\/carmencitafilmlab.com\/ca\/tallers\/carmencita-meets-valencia-2017\/","title":{"rendered":"Carmencita Meets Valencia 2017"},"content":{"rendered":"<p>[bra_divider height=&#8221;20&#8243;]<\/p>\n<p style=\"text-align: center;\"><img loading=\"lazy\" decoding=\"async\" src=\"http:\/\/carmencitafilmlab.com\/wp-content\/uploads\/jpg-150x150.\" alt=\"&amp;\" width=\"75\" height=\"75\"><\/p>\n<h1 style=\"text-align: center;\"><strong>Descobrint Val\u00e8ncia<\/strong><\/h1>\n<h3 style=\"text-align: center;\">amb la teva fam\u00edlia de la pel\u00b7l\u00edcula<\/h3>\n<p style=\"text-align: center;\"><em>&#8211; 2017 &#8211;<\/em><\/p>\n<p>&nbsp;<\/p>\n<div>\n<p style=\"text-align: center;\">Ja \u00e9s aqu\u00ed una altra vegada! Un &#8220;<em>Carmencita meets&#8221;<\/em> a Val\u00e8ncia, la nostra llar i la nostra seu. Despr\u00e9s de traslladar-nos de l&#8217;Alc\u00fadia a la ciutat i de gestionar la feina aclaparadora que vam tenir la sort de rebre aquest estiu, sentim que \u00e9s el moment de fer un &#8220;<em>Meets<\/em>&#8221; en aquest raconet del Mediterrani. El <em>Meets<\/em> \u00e9s una cosa diferent; pensa-hi com una trobada de fot\u00f2grafs que estimen compartir experi\u00e8ncies i cr\u00e9ixer junts, m\u00e9s que no pas aprendre trucs de mestre. #<em>thisisnotaworkshop<\/em>   <\/p>\n<p style=\"text-align: center;\">Nom\u00e9s <strong>compartint<\/strong> \u00e9s possible portar la fotografia anal\u00f2gica europea m\u00e9s lluny, i a m\u00e9s, ens morim de ganes de mostrar-te les petites meravelles de la nostra ciutat!<\/p>\n<p style=\"text-align: center;\">[bra_divider height=&#8221;20&#8243;]<\/p>\n<p><a href=\"http:\/\/hankearkenbout.com\/\" target=\"_blank\" rel=\"noopener noreferrer\"><img loading=\"lazy\" decoding=\"async\" class=\"wp-image-6514 size-full aligncenter\" src=\"http:\/\/carmencitafilmlab.com\/wp-content\/uploads\/travel_valencia_madrid_photography_film_hanke_arkenbout-028.jpg\" alt=\"per Hanke Arkenbout\" width=\"640\" height=\"378\" srcset=\"https:\/\/carmencitafilmlab.com\/wp-content\/uploads\/travel_valencia_madrid_photography_film_hanke_arkenbout-028.jpg 640w, https:\/\/carmencitafilmlab.com\/wp-content\/uploads\/travel_valencia_madrid_photography_film_hanke_arkenbout-028-450x266.jpg 450w, https:\/\/carmencitafilmlab.com\/wp-content\/uploads\/travel_valencia_madrid_photography_film_hanke_arkenbout-028-300x177.jpg 300w\" sizes=\"auto, (max-width: 640px) 100vw, 640px\" \/><\/a><em>  per <a href=\"http:\/\/hankearkenbout.com\/\" target=\"_blank\" rel=\"noopener noreferrer\">Hanke Arkenbout<\/a><\/em><\/p>\n<p style=\"text-align: center;\">[bra_border_divider top=&#8221;25&#8243; bottom=&#8221;0&#8243;][bra_center_title title=&#8221;El Pla&#8221; subtitle=&#8221;&#8221; top_margin=&#8221;30&#8243;]<\/p>\n<p style=\"text-align: center;\">[one_half]<\/p>\n<h3 style=\"text-align: center;\"><span style=\"font-size: 1.17em; line-height: 1.5em;\">Viu la ciutat com un local<\/span><\/h3>\n<p>[bra_divider height=&#8221;5&#8243;]<\/p>\n<p style=\"text-align: justify;\">Com el laboratori, la majoria de nosaltres hem nascut i crescut aqu\u00ed; no \u00e9s una ciutat gran i ens encanta. Ens en sabem de mem\u00f2ria els trucs i consells, els millors llocs i les hist\u00f2ries que hi ha al darrere. Una de les millors coses \u00e9s que, gaireb\u00e9 sempre que vinguis, el sol est\u00e0 100% garantit. Esperem que et sentis part de la ciutat quan arribi el moment de dir adeu.   <\/p>\n<p style=\"text-align: justify;\">No ens reunirem en un sol lloc, perqu\u00e8 hi ha <strong>diverses ubicacions<\/strong> que t&#8217;hem d&#8217;ensenyar si vens per aqu\u00ed. Ens mourem per la ciutat com si fos la nostra segona naturalesa. A Val\u00e8ncia gaireb\u00e9 tot est\u00e0 a prop caminant, ple de carrers estrets, racons impossibles, edificis del segle XIV i tot envoltat del color viu del nostre folklore.  <\/p>\n<p style=\"text-align: justify;\">I no nom\u00e9s la ciutat, tamb\u00e9 et portarem a les meravelles de la natura que ens envolten!<\/p>\n<p style=\"text-align: justify;\">[bra_divider height=&#8221;5&#8243;]<\/p>\n<p><a href=\"http:\/\/hankearkenbout.com\/\"><img loading=\"lazy\" decoding=\"async\" class=\"wp-image-6517 size-full aligncenter\" src=\"http:\/\/carmencitafilmlab.com\/wp-content\/uploads\/travel_valencia_madrid_photography_film_hanke_arkenbout-036-e1452876719800.jpg\" alt=\"per Hanke Arkenbout\" width=\"380\" height=\"380\" srcset=\"https:\/\/carmencitafilmlab.com\/wp-content\/uploads\/travel_valencia_madrid_photography_film_hanke_arkenbout-036-e1452876719800.jpg 380w, https:\/\/carmencitafilmlab.com\/wp-content\/uploads\/travel_valencia_madrid_photography_film_hanke_arkenbout-036-e1452876719800-100x100.jpg 100w, https:\/\/carmencitafilmlab.com\/wp-content\/uploads\/travel_valencia_madrid_photography_film_hanke_arkenbout-036-e1452876719800-150x150.jpg 150w, https:\/\/carmencitafilmlab.com\/wp-content\/uploads\/travel_valencia_madrid_photography_film_hanke_arkenbout-036-e1452876719800-300x300.jpg 300w, https:\/\/carmencitafilmlab.com\/wp-content\/uploads\/travel_valencia_madrid_photography_film_hanke_arkenbout-036-e1452876719800-270x270.jpg 270w\" sizes=\"auto, (max-width: 380px) 100vw, 380px\" \/><\/a><em>            <\/em><em>per <a href=\"http:\/\/hankearkenbout.com\/\" target=\"_blank\" rel=\"noopener noreferrer\">Hanke Arkenbout<\/a><\/em><\/p>\n<p style=\"text-align: justify;\">[\/one_half] [one_half_last]<\/p>\n<h3 style=\"text-align: center;\"><span style=\"font-size: 1.17em; line-height: 1.5em;\">Aprendre junts<\/span><\/h3>\n<p>[bra_divider height=&#8221;3&#8243;]<\/p>\n<p style=\"text-align: justify;\">Una gran part d&#8217;aprendre i cr\u00e9ixer com a professional es basa a <strong>compartir<\/strong>, almenys aix\u00f2 \u00e9s el que creiem fermament. Ens encanten els tallers per aix\u00f2, per\u00f2 tant com ens agrada el coneixement, ens encanta la sensaci\u00f3 de tornar a casa amb un munt de nous amics que comparteixen la mateixa <strong>passi\u00f3 boja per la fotografia anal\u00f2gica<\/strong> que nosaltres, i el fet d&#8217;haver tingut l&#8217;oportunitat de parlar de les nostres passions en dinars llargs, sopars c\u00e0lids i copes al vespre. <\/p>\n<p style=\"text-align: justify;\">I aix\u00f2 \u00e9s el que pretenem fer! M\u00e9s que dir-te com disparar, ens encantaria intercanviar experi\u00e8ncies i compartir el que sabem i com treballem mentre estem envoltats de les meravelles de Val\u00e8ncia. <strong>Connectar<\/strong> fot\u00f2grafs \u00e9s una cosa que est\u00e0 escrita en el mateix ADN de Carmencita i no ens en cansem mai. <\/p>\n<p style=\"text-align: justify;\">[bra_divider height=&#8221;16&#8243;]<\/p>\n<h3><\/h3>\n<p><a href=\"http:\/\/www.wesleynulens.be\/blog\/\" target=\"_blank\" rel=\"noopener noreferrer\"><img loading=\"lazy\" decoding=\"async\" class=\"wp-image-6520 size-full aligncenter\" src=\"http:\/\/carmencitafilmlab.com\/wp-content\/uploads\/150424-VLC076-e1452877361904.jpg\" alt=\"per Wesley Nulens\" width=\"380\" height=\"380\" srcset=\"https:\/\/carmencitafilmlab.com\/wp-content\/uploads\/150424-VLC076-e1452877361904.jpg 380w, https:\/\/carmencitafilmlab.com\/wp-content\/uploads\/150424-VLC076-e1452877361904-100x100.jpg 100w, https:\/\/carmencitafilmlab.com\/wp-content\/uploads\/150424-VLC076-e1452877361904-150x150.jpg 150w, https:\/\/carmencitafilmlab.com\/wp-content\/uploads\/150424-VLC076-e1452877361904-300x300.jpg 300w, https:\/\/carmencitafilmlab.com\/wp-content\/uploads\/150424-VLC076-e1452877361904-270x270.jpg 270w\" sizes=\"auto, (max-width: 380px) 100vw, 380px\" \/><\/a><em>  per <a href=\"http:\/\/www.wesleynulens.be\/blog\/\" target=\"_blank\" rel=\"noopener noreferrer\">Wesley Nulens<\/a><\/em><\/p>\n<p style=\"text-align: justify;\">[\/one_half_last]<\/p>\n<p style=\"text-align: center;\">[bra_border_divider top=&#8221;40&#8243; bottom=&#8221;0&#8243;][bra_center_title title=&#8221;I amb un estil preci\u00f3s&#8221; subtitle=&#8221;&#8221; top_margin=&#8221;30&#8243;]<\/p>\n<p style=\"text-align: center;\">Potser ja coneixies la feina dels nostres amics portuguesos (<a href=\"http:\/\/carmencitafilmlab.com\/2014\/02\/branco-prata\/\" target=\"_blank\" rel=\"noopener noreferrer\">fes-los una ullada!<\/a>), per\u00f2 BrancoPrata \u00e9s m\u00e9s que nom\u00e9s fotografia. Una gran part es basa en l&#8217;estilisme i el disseny floral, i creiem que \u00e9s una oportunitat fant\u00e0stica per veure com treballen i com combinen aquestes habilitats amb la fotografia. <\/p>\n<p style=\"text-align: center;\">Com a fot\u00f2grafs, pot ser dif\u00edcil veure tota la feina dura que hi ha darrere de l&#8217;<strong>estilisme i la decoraci\u00f3<\/strong>. Volem aprofitar aquesta oportunitat perqu\u00e8 puguis con\u00e8ixer la Sofia, la superdona darrere de BrancoPrata, i li puguis preguntar tot el que vulguis sobre estilisme per treure el m\u00e0xim profit de cada sessi\u00f3. Estaran amb nosaltres i explicaran pas a pas el seu proc\u00e9s creatiu per ajudar-te a treballar amb estilistes o quan estiguis planejant alguna cosa pel teu compte.  <\/p>\n<p style=\"text-align: center;\">Aquesta vegada no hi haur\u00e0 sessions d&#8217;estilisme organitzades; volem centrar-nos en xerrades sobre creativitat, estil, per qu\u00e8 l&#8217;anal\u00f2gic, com promocionar-te, crear una comunitat, etc. Tamb\u00e9 farem petites excursions i tindrem m\u00e9s &#8220;petites sessions espont\u00e0nies&#8221; : ) <\/p>\n<p style=\"text-align: center;\">[bra_divider height=&#8221;20&#8243;]<\/p>\n<\/div>\n<p style=\"text-align: center;\"><a href=\"http:\/\/www.brancoprata.com\/\"><img loading=\"lazy\" decoding=\"async\" class=\"aligncenter wp-image-6526 size-medium\" src=\"http:\/\/carmencitafilmlab.com\/wp-content\/uploads\/BrancoPrataFloral-300x300.jpg\" alt=\"BrancoPrataFloral\" width=\"300\" height=\"300\" srcset=\"https:\/\/carmencitafilmlab.com\/wp-content\/uploads\/BrancoPrataFloral-300x300.jpg 300w, https:\/\/carmencitafilmlab.com\/wp-content\/uploads\/BrancoPrataFloral-450x450.jpg 450w, https:\/\/carmencitafilmlab.com\/wp-content\/uploads\/BrancoPrataFloral-100x100.jpg 100w, https:\/\/carmencitafilmlab.com\/wp-content\/uploads\/BrancoPrataFloral-150x150.jpg 150w, https:\/\/carmencitafilmlab.com\/wp-content\/uploads\/BrancoPrataFloral-270x270.jpg 270w, https:\/\/carmencitafilmlab.com\/wp-content\/uploads\/BrancoPrataFloral.jpg 505w\" sizes=\"auto, (max-width: 300px) 100vw, 300px\" \/><\/a><\/p>\n<div>\n<p style=\"text-align: center;\">[bra_border_divider top=&#8221;30&#8243; bottom=&#8221;10&#8243;]<\/p>\n<\/div>\n<div>\n<p style=\"text-align: center;\">[bra_divider height=&#8221;20&#8243;][one_half]<\/p>\n<h3 style=\"text-align: center;\"><span style=\"font-size: 1.17em; line-height: 1.5em;\">Donant una volta al concepte de &#8220;Workshop&#8221;<\/span><\/h3>\n<p style=\"text-align: justify;\">[bra_divider height=&#8221;10&#8243;]<\/p>\n<p style=\"text-align: justify;\"><span style=\"line-height: 1.5em;\">Poder aprendre els trucs dels grans noms de la fotografia \u00e9s, sens dubte, una molt bona manera d&#8217;aprendre, per\u00f2 hem vist un <strong>gran auge<\/strong> de la fotografia anal\u00f2gica a Europa i ens emociona veure com tothom est\u00e0 arribant a un punt on aprendre a exposar ja no \u00e9s un repte.<\/span><\/p>\n<p style=\"text-align: justify;\"><span style=\"line-height: 1.5em;\">Veient com evoluciona la comunitat, sentim que falta un esdeveniment on puguis aprendre com desenvolupar m\u00e9s el teu negoci, com apropar-te al teu tipus de clients o fins i tot com aconseguir els treballs que t&#8217;agraden i promocionar-te; tot mentre gaudeixes d&#8217;un ambient relaxat i <strong>pots participar activament <\/strong>aportant les teves experi\u00e8ncies personals i compartint les teves inquietuds amb els altres.<\/span><\/p>\n<p style=\"text-align: justify;\">Moltes coses han canviat des que vam obrir el 2013 i creiem que els tallers tamb\u00e9 s&#8217;han d&#8217;actualitzar!<\/p>\n<p style=\"text-align: center;\">[\/one_half] [one_half_last]<\/p>\n<h3 style=\"text-align: center;\"><span style=\"font-size: 1.17em; line-height: 1.5em;\">Tu tamb\u00e9 ets ponent<\/span><\/h3>\n<p>[bra_divider height=&#8221;10&#8243;]<\/p>\n<p style=\"text-align: justify;\">Aqu\u00ed \u00e9s on creiem que es pot <strong>fer una cosa diferent<\/strong>, sent m\u00e9s acollidor que les confer\u00e8ncies i sense la jerarquia d&#8217;un taller cl\u00e0ssic. Per aix\u00f2 volem <strong>trobar-nos <\/strong>amb tu! <\/p>\n<p style=\"text-align: justify;\"><span style=\"line-height: 1.5em;\">Volem escoltar la teva veu i crear un <\/span>entorn<span style=\"line-height: 1.5em;\">  on tots compartim els nostres pensaments i l&#8217;\u00fanica pregunta ximple sigui la que no es fa. Canviarem les <i>confer\u00e8ncies<\/i> per <em>taules rodones. <\/em>I s\u00ed, <em>taules<\/em> en plural perqu\u00e8 hi ha moltes coses de qu\u00e8 parlar i recorda que la ciutat \u00e9s el nostre pati de jocs; aix\u00f2 ens permetr\u00e0 moure&#8217;ns per la ciutat trobant els millors llocs per reunir-nos, debatre i aprendre. <\/span><\/p>\n<p style=\"text-align: justify;\"><span style=\"line-height: 1.5em;\">Tot est\u00e0 a prop caminant a Val\u00e8ncia&#8230; i sabem que si normalment es triga 10 minuts a arribar a qualsevol lloc, amb fot\u00f2grafs es triguen 30 minuts entre &#8220;Oh, espera, queda&#8217;t aqu\u00ed un segon!&#8221; i &#8220;Ei, t&#8217;he de fer un retrat amb aquesta llum!&#8221;.<\/span><\/p>\n<p style=\"text-align: justify;\">[\/one_half_last]<\/p>\n<p style=\"text-align: justify;\">[bra_divider height=&#8221;10&#8243;]<\/p>\n<p><img loading=\"lazy\" decoding=\"async\" class=\"wp-image-6525 size-full\" src=\"http:\/\/carmencitafilmlab.com\/wp-content\/uploads\/Banner-Meets-Valencia.jpg\" alt=\"per Andre Teixeira\" width=\"3459\" height=\"1120\" srcset=\"https:\/\/carmencitafilmlab.com\/wp-content\/uploads\/Banner-Meets-Valencia.jpg 3459w, https:\/\/carmencitafilmlab.com\/wp-content\/uploads\/Banner-Meets-Valencia-450x146.jpg 450w, https:\/\/carmencitafilmlab.com\/wp-content\/uploads\/Banner-Meets-Valencia-300x97.jpg 300w, https:\/\/carmencitafilmlab.com\/wp-content\/uploads\/Banner-Meets-Valencia-1024x332.jpg 1024w\" sizes=\"auto, (max-width: 3459px) 100vw, 3459px\" \/> <em>per <a href=\"http:\/\/www.brancoprata.com\/\" target=\"_blank\" rel=\"noopener noreferrer\">Andre Teixeira<\/a><\/em><\/p>\n<p>[bra_border_divider top=&#8221;30&#8243; bottom=&#8221;0&#8243;] [bra_center_title title=&#8221;26, 27, 28 i 29 &#8211; ABR.&#8221; subtitle=&#8221;Knowing all the details&#8221; top_margin=&#8221;30&#8243;]<\/p>\n<p>[one_fourth]<\/p>\n<h3>Qu\u00e8 inclou?<\/h3>\n<div>\n<ul>\n<li>Allotjament per a 5 nits<\/li>\n<li>Dinar i sopar<\/li>\n<li>Taules rodones amb temes oberts sobre fotografia<\/li>\n<li>Guia per la ciutat a c\u00e0rrec de l&#8217;equip de Carmencita<\/li>\n<li>Visita guiada al laboratori<\/li>\n<li>Revelat i escanejat del teu propi rodet<\/li>\n<li>Taller de paella aut\u00e8ntica<\/li>\n<li>Festa d&#8217;aniversari de Carmencita<\/li>\n<\/ul>\n<\/div>\n<h3><span style=\"font-size: 14px; line-height: 1.5em;\">[\/one_fourth] [one_fourth]<\/span><\/h3>\n<h3>Dia 1<\/h3>\n<div>\n<ul>\n<li>Presentaci\u00f3<\/li>\n<li>Per qu\u00e8 anal\u00f2gic?<\/li>\n<li>Treball personal<\/li>\n<li>Passejada pel centre hist\u00f2ric<\/li>\n<li>Tracte amb clients reals<\/li>\n<li>Sopar i copes al centre hist\u00f2ric<\/li>\n<\/ul>\n<\/div>\n<h3><span style=\"font-size: 14px; line-height: 1.5em;\">[\/one_fourth] [one_fourth]<\/span><\/h3>\n<div>\n<h3>Dia 2<\/h3>\n<div>\n<ul>\n<li>Excursi\u00f3 a l&#8217;Albufera<\/li>\n<li>Taula rodona en una &#8220;Barraca&#8221;<\/li>\n<li>La import\u00e0ncia del treball en equip abans i durant la sessi\u00f3<\/li>\n<li>Dinar de paella tradicional<\/li>\n<li>Taula rodona sobre l&#8217;estil en la fotografia anal\u00f2gica<\/li>\n<li>Passejada en barca per l&#8217;estany de l&#8217;Albufera<\/li>\n<li>Sopar de tapes<\/li>\n<\/ul>\n<\/div>\n<\/div>\n<p>[\/one_fourth] [one_fourth_last]<\/p>\n<div>\n<h3>Dia 3<\/h3>\n<\/div>\n<div>\n<ul>\n<li>Visita al laboratori<\/li>\n<li>Revela i escaneja el teu propi rodet<\/li>\n<li>El mite darrere dels laboratoris<\/li>\n<li>100% anal\u00f2gic? Aix\u00f2 \u00e9s la vida real? <\/li>\n<li>Preus a Europa<\/li>\n<li>Com arribar a la gent, connectar<\/li>\n<li><span style=\"line-height: 1.5em;\">Disparant per la ciutat, experimentant<\/span><\/li>\n<li>Sopar <em>A reveure<\/em><\/li>\n<\/ul>\n<\/div>\n<h3><span style=\"font-size: 14px; line-height: 1.5em;\">[\/one_fourth_last]<\/span><\/h3>\n<p>[bra_divider height=&#8221;20&#8243;]<\/p>\n<p><img loading=\"lazy\" decoding=\"async\" class=\"wp-image-6532 size-large\" src=\"http:\/\/carmencitafilmlab.com\/wp-content\/uploads\/Valencia-4COMP-1024x368.jpg\" alt=\"Hanke Arkenbout \/ Isabelle Hesselberg\" width=\"1024\" height=\"368\" srcset=\"https:\/\/carmencitafilmlab.com\/wp-content\/uploads\/Valencia-4COMP-1024x368.jpg 1024w, https:\/\/carmencitafilmlab.com\/wp-content\/uploads\/Valencia-4COMP-450x162.jpg 450w, https:\/\/carmencitafilmlab.com\/wp-content\/uploads\/Valencia-4COMP-300x108.jpg 300w, https:\/\/carmencitafilmlab.com\/wp-content\/uploads\/Valencia-4COMP.jpg 1280w\" sizes=\"auto, (max-width: 1024px) 100vw, 1024px\" \/><em>per <a href=\"http:\/\/hankearkenbout.com\/\" target=\"_blank\" rel=\"noopener noreferrer\">Hanke Arkenbout<\/a> \/ <a href=\"http:\/\/www.2brides.se\/\" target=\"_blank\" rel=\"noopener noreferrer\">Isabelle Hesselberg<\/a><\/em><\/p>\n<p>[bra_border_divider top=&#8221;5&#8243; bottom=&#8221;0&#8243;] [bra_center_title title=&#8221;Reserva&#8221; subtitle=&#8221;&#8221; top_margin=&#8221;30&#8243;]<\/p>\n<p style=\"text-align: center;\">[one_third]<\/p>\n<h3 style=\"text-align: center;\">Reserva la teva pla\u00e7a!<\/h3>\n<p>[bra_divider height=&#8221;15&#8243;]<\/p>\n<p style=\"text-align: center;\">Vols venir? \u00c9s f\u00e0cil! <\/p>\n<p style=\"text-align: center;\">Compra el producte de reserva de pla\u00e7a a la nostra botiga<\/p>\n<p style=\"text-align: center;\"><a href=\"https:\/\/carmencitafilmlab.com\/product\/carmencita-meets-vlc-2017-save-spot\/\">AQU\u00cd<\/a><\/p>\n<p style=\"text-align: center;\">Recorda que nom\u00e9s hi ha <strong>14 places <\/strong>disponibles! [\/one_third] [one_third]<\/p>\n<h3 style=\"text-align: center;\">Preu<\/h3>\n<p>[bra_divider height=&#8221;15&#8243;]<\/p>\n<h6 style=\"text-align: center;\"><em>&#8211; 700 \u20ac &#8211;<\/em><\/h6>\n<p style=\"text-align: center;\"><em>(impostos no inclosos*)<\/em><\/p>\n<p style=\"text-align: center;\">[\/one_third] [one_third_last]<\/p>\n<h3 style=\"text-align: center;\">Pagament<\/h3>\n<p>[bra_divider height=&#8221;15&#8243;]<\/p>\n<p style=\"text-align: justify;\">Es requereix un dip\u00f2sit de 200 \u20ac per validar la teva reserva. El saldo restant s&#8217;haur\u00e0 de pagar un mes abans de l&#8217;inici del taller. Els pagaments es faran a trav\u00e9s de la botiga en l\u00ednia.  <\/p>\n<p style=\"text-align: justify;\">Un cop fet, rebr\u00e0s un correu electr\u00f2nic de confirmaci\u00f3 i la pla\u00e7a ser\u00e0 teva!<\/p>\n<p style=\"text-align: center;\">[\/one_third_last]<\/p>\n<p style=\"text-align: center;\">[bra_divider height=&#8221;40&#8243;]<\/p>\n<p style=\"text-align: left;\"><em>*S&#8217;ha d&#8217;afegir el 21% d&#8217;IVA dels impostos espanyols; si vius dins de la UE i tens un n\u00famero d&#8217;IVA, envia&#8217;ns-el i estar\u00e0s exempt dels impostos espanyols. Si vius fora de la UE, no s&#8217;aplicar\u00e0 cap impost. <\/em><\/p>\n<p style=\"text-align: center;\">[bra_border_divider top=&#8221;20&#8243; bottom=&#8221;0&#8243;][bra_center_title title=&#8221;Transpar\u00e8ncia&#8221; subtitle=&#8221;Meant to learn not to earn&#8221; top_margin=&#8221;30&#8243;]<\/p>\n<p style=\"text-align: center;\">[one_half]<\/p>\n<p style=\"text-align: center;\">[bra_divider height=&#8221;10&#8243;]<\/p>\n<p><a href=\"http:\/\/www.wesleynulens.be\/blog\/\" target=\"_blank\" rel=\"noopener noreferrer\"><img loading=\"lazy\" decoding=\"async\" class=\"wp-image-6530 size-large\" src=\"http:\/\/carmencitafilmlab.com\/wp-content\/uploads\/150424-VLC060-1024x761.jpg\" alt=\"per Wesley Nulens\" width=\"1024\" height=\"761\" srcset=\"https:\/\/carmencitafilmlab.com\/wp-content\/uploads\/150424-VLC060-1024x761.jpg 1024w, https:\/\/carmencitafilmlab.com\/wp-content\/uploads\/150424-VLC060-450x335.jpg 450w, https:\/\/carmencitafilmlab.com\/wp-content\/uploads\/150424-VLC060-300x223.jpg 300w, https:\/\/carmencitafilmlab.com\/wp-content\/uploads\/150424-VLC060.jpg 2000w\" sizes=\"auto, (max-width: 1024px) 100vw, 1024px\" \/><\/a> <em>per <a href=\"http:\/\/www.wesleynulens.be\/blog\/\" target=\"_blank\" rel=\"noopener noreferrer\">Wesley Nulens<\/a><\/em><\/p>\n<p style=\"text-align: center;\">[\/one_half] [one_half_last]<\/p>\n<p style=\"text-align: center;\">[bra_divider height=&#8221;10&#8243;]<\/p>\n<h3 style=\"text-align: center;\">Coneix els costos<\/h3>\n<p>[bra_divider height=&#8221;10&#8243;]<\/p>\n<p style=\"text-align: justify;\">Des que vam comen\u00e7ar aquesta aventura, una cosa ten\u00edem clara: som aqu\u00ed perqu\u00e8 volem <strong>ajudar els fot\u00f2grafs a disparar en anal\u00f2gic<\/strong> i no morir en l&#8217;intent. Primer va ser l&#8217;escanejat i el revelat, va avan\u00e7ar una mica m\u00e9s amb la nostra petita botiga de pel\u00b7l\u00edcula i es va consolidar difonent el coneixement a trav\u00e9s de tallers. <\/p>\n<p style=\"text-align: justify;\">No podr\u00edem estar m\u00e9s contents per totes les experi\u00e8ncies que hem tingut, per\u00f2 pel que hem vist avui dia, sembla que tenim un escenari inundat de tallers, i aix\u00f2 \u00e9s genial&#8230; quan sents que reps el que els teus diners <strong>valen<\/strong>.<\/p>\n<p style=\"text-align: justify;\">[bra_divider height=&#8221;20&#8243;]<\/p>\n<p style=\"text-align: justify;\">Per aix\u00f2 obrirem els nostres llibres per a aquells que vulguin saber on va a parar tot el pressupost. Si tens preguntes, estarem encantats de respondre-les! I si al final del taller hi ha un benefici extra, decidirem junts qu\u00e8 fer-ne: copes, rodet, cupons de Carmencita&#8230; el que vulguis! Tamb\u00e9 s&#8217;ha d&#8217;entendre que el temps d&#8217;organitzaci\u00f3 es pagar\u00e0 en hores a les persones respectives implicades.   <\/p>\n<p style=\"text-align: justify;\">Aquest no \u00e9s un taller convencional, ni pret\u00e9n ser-ho. Creiem profundament que les coses es poden fer de manera diferent per a millor! <\/p>\n<p style=\"text-align: center;\">[\/one_half_last]<\/p>\n<p style=\"text-align: center;\">[bra_border_divider top=&#8221;15&#8243; bottom=&#8221;0&#8243;][bra_center_title title=&#8221;Gran Final&#8221; subtitle=&#8221;Carmencita Opening Party (again)&#8221; top_margin=&#8221;30&#8243;]<\/p>\n<p style=\"text-align: center;\">[one_half]<\/p>\n<p style=\"text-align: justify;\">[bra_divider height=&#8221;0&#8243;]<\/p>\n<h3 style=\"text-align: center;\">Tothom hi est\u00e0 convidat!<\/h3>\n<p style=\"text-align: justify;\">Com ja deus saber, Carmencita t\u00e9 4 anys, per\u00f2 mai vam fer una festa d&#8217;inauguraci\u00f3 quan vam obrir inicialment (per raons inexplicables), aix\u00ed que quan ens vam traslladar a la ciutat, vam dir: &#8220;Ara \u00e9s el moment!&#8221;. Va sortir millor del que hagu\u00e9ssim pogut imaginar mai, amb 15 persones de tot Europa volant per a aquell cap de setmana i barrejant-se amb <strong>200 persones<\/strong> de Val\u00e8ncia, descobrint les noves instal\u00b7lacions del laboratori i celebrant l&#8217;anal\u00f2gic (i la cervesa gratu\u00efta, \u00e9s clar). <\/p>\n<p style=\"text-align: justify;\">No estem segurs de si realment es pot celebrar l&#8217;aniversari d&#8217;una festa, per\u00f2 pensem fer-ho de totes maneres =) No se&#8217;ns acudia un final millor per a un <em> &#8220;Carmencita meets&#8221;<\/em>, una gran festa per celebrar el nostre segon any a la ciutat.<\/p>\n<p style=\"text-align: justify;\">[bra_divider height=&#8221;15&#8243;]<\/p>\n<p style=\"text-align: justify;\"><strong>El teu allotjament est\u00e0 reservat fins diumenge<\/strong> aix\u00ed que, tot i que no hi haur\u00e0 activitats organitzades durant el dia, comptem amb tu per a la festa de dissabte a la nit! L'&#8221;Aniversari de la Festa d&#8217;Inauguraci\u00f3&#8221; tindr\u00e0 lloc el <b>29 d&#8217;abril <\/b>i ben aviat es publicaran m\u00e9s detalls al nostre <a href=\"https:\/\/www.facebook.com\/Carmencita-Film-Lab-517352528299441\/\" target=\"_blank\" rel=\"noopener noreferrer\">Facebook<\/a>! <\/p>\n<p style=\"text-align: justify;\">[\/one_half] [one_half_last]<\/p>\n<p><a href=\"http:\/\/www.brancoprata.com\/\" target=\"_blank\" rel=\"noopener noreferrer\"><img loading=\"lazy\" decoding=\"async\" class=\"wp-image-6531 size-large\" src=\"http:\/\/carmencitafilmlab.com\/wp-content\/uploads\/VALENCIA-28-1024x687.jpg\" alt=\"per Andre Teixeira\" width=\"1024\" height=\"687\" srcset=\"https:\/\/carmencitafilmlab.com\/wp-content\/uploads\/VALENCIA-28-1024x687.jpg 1024w, https:\/\/carmencitafilmlab.com\/wp-content\/uploads\/VALENCIA-28-450x302.jpg 450w, https:\/\/carmencitafilmlab.com\/wp-content\/uploads\/VALENCIA-28-300x201.jpg 300w, https:\/\/carmencitafilmlab.com\/wp-content\/uploads\/VALENCIA-28.jpg 2000w\" sizes=\"auto, (max-width: 1024px) 100vw, 1024px\" \/><\/a> <em>per <a href=\"http:\/\/www.brancoprata.com\/\" target=\"_blank\" rel=\"noopener noreferrer\">Andre Teixeira<\/a><\/em><\/p>\n<p style=\"text-align: center;\">[\/one_half_last]<\/p>\n<p style=\"text-align: center;\">[bra_border_divider top=&#8221;40&#8243; bottom=&#8221;30&#8243;][bra_center_title title=&#8221;&#8221; subtitle=&#8221;Hasta Pronto!&#8221; top_margin=&#8221;0&#8243;]<\/p>\n<p style=\"text-align: center;\">Encara tens preguntes? Envia&#8217;ns un correu! <\/p>\n<p style=\"text-align: center;\"><a href=\"mailto:meets@carmencitafilmlab.com?Subject=Porto!\" target=\"_top\" rel=\"noopener noreferrer\">meets@carmencitafilmlab.com<\/a><\/p>\n<p style=\"text-align: center;\">[bra_divider height=&#8221;15&#8243;]<\/p>\n<p><a href=\"http:\/\/www.2brides.se\/\" target=\"_blank\" rel=\"noopener noreferrer\"><img loading=\"lazy\" decoding=\"async\" class=\"wp-image-6533 size-full\" src=\"http:\/\/carmencitafilmlab.com\/wp-content\/uploads\/IsabelleHesselberg-11.jpg\" alt=\"per Isabelle Hesselberg\" width=\"992\" height=\"355\" srcset=\"https:\/\/carmencitafilmlab.com\/wp-content\/uploads\/IsabelleHesselberg-11.jpg 992w, https:\/\/carmencitafilmlab.com\/wp-content\/uploads\/IsabelleHesselberg-11-450x161.jpg 450w, https:\/\/carmencitafilmlab.com\/wp-content\/uploads\/IsabelleHesselberg-11-300x107.jpg 300w\" sizes=\"auto, (max-width: 992px) 100vw, 992px\" \/><\/a> <em>per <a href=\"http:\/\/www.2brides.se\/\" target=\"_blank\" rel=\"noopener noreferrer\">Isabelle Hesselberg<\/a><\/em><\/p>\n<\/div>\n","protected":false},"excerpt":{"rendered":"<p>[bra_divider height=&#8221;20&#8243;] Descobrint Val\u00e8ncia amb la teva fam\u00edlia de la pel\u00b7l\u00edcula &#8211; 2017 &#8211; &nbsp; Ja \u00e9s aqu\u00ed una altra vegada! Un &#8220;Carmencita meets&#8221; a Val\u00e8ncia, la nostra llar i la nostra seu. Despr\u00e9s de traslladar-nos de l&#8217;Alc\u00fadia a la ciutat i de gestionar la feina aclaparadora que vam tenir la sort de rebre aquest&#8230;<\/p>\n","protected":false},"author":4,"featured_media":0,"parent":79183,"menu_order":0,"comment_status":"closed","ping_status":"closed","template":"","meta":{"_monsterinsights_skip_tracking":false,"_monsterinsights_sitenote_active":false,"_monsterinsights_sitenote_note":"","_monsterinsights_sitenote_category":0,"_joinchat":[],"footnotes":""},"class_list":["post-81334","page","type-page","status-publish","hentry"],"_links":{"self":[{"href":"https:\/\/carmencitafilmlab.com\/ca\/wp-json\/wp\/v2\/pages\/81334","targetHints":{"allow":["GET"]}}],"collection":[{"href":"https:\/\/carmencitafilmlab.com\/ca\/wp-json\/wp\/v2\/pages"}],"about":[{"href":"https:\/\/carmencitafilmlab.com\/ca\/wp-json\/wp\/v2\/types\/page"}],"author":[{"embeddable":true,"href":"https:\/\/carmencitafilmlab.com\/ca\/wp-json\/wp\/v2\/users\/4"}],"replies":[{"embeddable":true,"href":"https:\/\/carmencitafilmlab.com\/ca\/wp-json\/wp\/v2\/comments?post=81334"}],"version-history":[{"count":0,"href":"https:\/\/carmencitafilmlab.com\/ca\/wp-json\/wp\/v2\/pages\/81334\/revisions"}],"up":[{"embeddable":true,"href":"https:\/\/carmencitafilmlab.com\/ca\/wp-json\/wp\/v2\/pages\/79183"}],"wp:attachment":[{"href":"https:\/\/carmencitafilmlab.com\/ca\/wp-json\/wp\/v2\/media?parent=81334"}],"curies":[{"name":"wp","href":"https:\/\/api.w.org\/{rel}","templated":true}]}}